{"id":57343,"date":"2026-01-06T13:01:51","date_gmt":"2026-01-06T16:01:51","guid":{"rendered":"https:\/\/museomoderno.org\/exposiciones\/naturaleza-arquitecta\/"},"modified":"2026-08-11T13:00:35","modified_gmt":"2026-08-11T16:00:35","slug":"naturaleza-arquitecta","status":"publish","type":"exposiciones","link":"https:\/\/museomoderno.org\/en\/exhibitions\/naturaleza-arquitecta\/","title":{"rendered":"Nature, The Architect"},"content":{"rendered":"\t\t<div data-elementor-type=\"wp-post\" data-elementor-id=\"57343\" class=\"elementor elementor-57343 elementor-56895\" data-elementor-post-type=\"exposiciones\">\n\t\t\t\t<div class=\"elementor-element elementor-element-e39d920 e-flex e-con-boxed e-con e-parent\" data-id=\"e39d920\" data-element_type=\"container\" data-e-type=\"container\">\n\t\t\t\t\t<div class=\"e-con-inner\">\n\t\t\t\t<div class=\"elementor-element elementor-element-3566336 elementor-widget elementor-widget-text-editor\" data-id=\"3566336\" data-element_type=\"widget\" data-e-type=\"widget\" data-widget_type=\"text-editor.default\">\n\t\t\t\t<div class=\"elementor-widget-container\">\n\t\t\t\t\t\t\t\t\t<p>This exhibition invites us to recognise nature as a true protagonist of creative and social practices. The artists encourage us to listen to the stories that forests and rivers tell, to see the marks that volcanoes leave like words in a poem, and to learn from animals another way of seeing the world and ourselves.\u00a0<\/p><p><span style=\"font-weight: 400;\">In <\/span><i><span style=\"font-weight: 400;\">Nature, the Architect<\/span><\/i><span style=\"font-weight: 400;\">, far-reaching research, fantastic imaginations and sensorial delight are paths of knowledge that allow us to take on this change of perspective. In the first gallery, a large table-river functions as a research workshop, offering a dialogue between art, architecture, poetry and ecological activism, combined with concrete actions that operate directly on geography and history. As the projects seek to transform complex territories, they embrace the expansion of disciplines: botany becomes social history, cartography is interwoven with poetry, and zoology becomes a form of aesthetics.\u00a0<\/span><\/p><p><span style=\"font-weight: 400;\">In the next room, sheltered by cliff walls, the artists display immersive works that intensify our perceptions. Faced with natural phenomena that challenge our usual ways of seeing and understanding, they use art\u2019s sensorial tools to broaden empathy and wonder, attempting other relationships with the natural world.\u00a0<\/span><\/p><p><span style=\"font-weight: 400;\">Attuned to a choir of voices that exceeds geographical boundaries, the exhibition asks us some crucial questions: how do we inhabit the planet, what worlds become possible if we stop putting ourselves at the centre, and what new forms of co-habitation might art allow us to imagine?<\/span><\/p>\t\t\t\t\t\t\t\t<\/div>\n\t\t\t\t<\/div>\n\t\t\t\t\t<\/div>\n\t\t\t\t<\/div>\n\t\t<div class=\"elementor-element elementor-element-5ee8a79 e-flex e-con-boxed e-con e-parent\" data-id=\"5ee8a79\" data-element_type=\"container\" data-e-type=\"container\">\n\t\t\t\t\t<div class=\"e-con-inner\">\n\t\t\t\t<div class=\"elementor-element elementor-element-053109a elementor-widget elementor-widget-gallery\" data-id=\"053109a\" data-element_type=\"widget\" data-e-type=\"widget\" data-settings=\"{&quot;lazyload&quot;:&quot;yes&quot;,&quot;gallery_layout&quot;:&quot;grid&quot;,&quot;columns&quot;:4,&quot;columns_tablet&quot;:2,&quot;columns_mobile&quot;:1,&quot;gap&quot;:{&quot;unit&quot;:&quot;px&quot;,&quot;size&quot;:10,&quot;sizes&quot;:[]},&quot;gap_tablet&quot;:{&quot;unit&quot;:&quot;px&quot;,&quot;size&quot;:10,&quot;sizes&quot;:[]},&quot;gap_mobile&quot;:{&quot;unit&quot;:&quot;px&quot;,&quot;size&quot;:10,&quot;sizes&quot;:[]},&quot;link_to&quot;:&quot;file&quot;,&quot;aspect_ratio&quot;:&quot;3:2&quot;,&quot;overlay_background&quot;:&quot;yes&quot;,&quot;content_hover_animation&quot;:&quot;fade-in&quot;}\" data-widget_type=\"gallery.default\">\n\t\t\t\t<div class=\"elementor-widget-container\">\n\t\t\t\t\t\t\t<div class=\"elementor-gallery__container\">\n\t\t\t\t\t\t\t<a class=\"e-gallery-item elementor-gallery-item elementor-animated-content\" href=\"https:\/\/museomoderno.org\/wp-content\/uploads\/2026\/05\/0.1-scaled.jpg\" data-elementor-open-lightbox=\"yes\" data-elementor-lightbox-slideshow=\"053109a\" data-elementor-lightbox-title=\"Naturaleza arquitecta\" data-e-action-hash=\"#elementor-action%3Aaction%3Dlightbox%26settings%3DeyJpZCI6NjAwMjcsInVybCI6Imh0dHBzOlwvXC9tdXNlb21vZGVybm8ub3JnXC93cC1jb250ZW50XC91cGxvYWRzXC8yMDI2XC8wNVwvMC4xLXNjYWxlZC5qcGciLCJzbGlkZXNob3ciOiIwNTMxMDlhIn0%3D\">\n\t\t\t\t\t<div class=\"e-gallery-image elementor-gallery-item__image\" data-thumbnail=\"https:\/\/museomoderno.org\/wp-content\/uploads\/2026\/05\/0.1-scaled.jpg\" data-width=\"2560\" data-height=\"1707\" aria-label=\"\" role=\"img\" ><\/div>\n\t\t\t\t\t\t\t\t\t\t\t<div class=\"elementor-gallery-item__overlay\"><\/div>\n\t\t\t\t\t\t\t\t\t\t\t\t\t\t<\/a>\n\t\t\t\t\t\t\t<a class=\"e-gallery-item elementor-gallery-item elementor-animated-content\" href=\"https:\/\/museomoderno.org\/wp-content\/uploads\/2026\/05\/0-scaled.jpg\" data-elementor-open-lightbox=\"yes\" data-elementor-lightbox-slideshow=\"053109a\" data-elementor-lightbox-title=\"Naturaleza arquitecta\" data-e-action-hash=\"#elementor-action%3Aaction%3Dlightbox%26settings%3DeyJpZCI6NjAwMjYsInVybCI6Imh0dHBzOlwvXC9tdXNlb21vZGVybm8ub3JnXC93cC1jb250ZW50XC91cGxvYWRzXC8yMDI2XC8wNVwvMC1zY2FsZWQuanBnIiwic2xpZGVzaG93IjoiMDUzMTA5YSJ9\">\n\t\t\t\t\t<div class=\"e-gallery-image elementor-gallery-item__image\" data-thumbnail=\"https:\/\/museomoderno.org\/wp-content\/uploads\/2026\/05\/0-scaled.jpg\" data-width=\"2560\" data-height=\"1707\" aria-label=\"\" role=\"img\" ><\/div>\n\t\t\t\t\t\t\t\t\t\t\t<div class=\"elementor-gallery-item__overlay\"><\/div>\n\t\t\t\t\t\t\t\t\t\t\t\t\t\t<\/a>\n\t\t\t\t\t\t\t<a class=\"e-gallery-item elementor-gallery-item elementor-animated-content\" href=\"https:\/\/museomoderno.org\/wp-content\/uploads\/2026\/05\/1-scaled.jpg\" data-elementor-open-lightbox=\"yes\" data-elementor-lightbox-slideshow=\"053109a\" data-elementor-lightbox-title=\"Naturaleza arquitecta\" data-e-action-hash=\"#elementor-action%3Aaction%3Dlightbox%26settings%3DeyJpZCI6NjAwMjgsInVybCI6Imh0dHBzOlwvXC9tdXNlb21vZGVybm8ub3JnXC93cC1jb250ZW50XC91cGxvYWRzXC8yMDI2XC8wNVwvMS1zY2FsZWQuanBnIiwic2xpZGVzaG93IjoiMDUzMTA5YSJ9\">\n\t\t\t\t\t<div class=\"e-gallery-image elementor-gallery-item__image\" data-thumbnail=\"https:\/\/museomoderno.org\/wp-content\/uploads\/2026\/05\/1-scaled.jpg\" data-width=\"2560\" data-height=\"1707\" aria-label=\"\" role=\"img\" ><\/div>\n\t\t\t\t\t\t\t\t\t\t\t<div class=\"elementor-gallery-item__overlay\"><\/div>\n\t\t\t\t\t\t\t\t\t\t\t\t\t\t<\/a>\n\t\t\t\t\t\t\t<a class=\"e-gallery-item elementor-gallery-item elementor-animated-content\" href=\"https:\/\/museomoderno.org\/wp-content\/uploads\/2026\/05\/2-scaled.jpg\" data-elementor-open-lightbox=\"yes\" data-elementor-lightbox-slideshow=\"053109a\" data-elementor-lightbox-title=\"Naturaleza arquitecta\" data-e-action-hash=\"#elementor-action%3Aaction%3Dlightbox%26settings%3DeyJpZCI6NjAwMjksInVybCI6Imh0dHBzOlwvXC9tdXNlb21vZGVybm8ub3JnXC93cC1jb250ZW50XC91cGxvYWRzXC8yMDI2XC8wNVwvMi1zY2FsZWQuanBnIiwic2xpZGVzaG93IjoiMDUzMTA5YSJ9\">\n\t\t\t\t\t<div class=\"e-gallery-image elementor-gallery-item__image\" data-thumbnail=\"https:\/\/museomoderno.org\/wp-content\/uploads\/2026\/05\/2-scaled.jpg\" data-width=\"2560\" data-height=\"1707\" aria-label=\"\" role=\"img\" ><\/div>\n\t\t\t\t\t\t\t\t\t\t\t<div class=\"elementor-gallery-item__overlay\"><\/div>\n\t\t\t\t\t\t\t\t\t\t\t\t\t\t<\/a>\n\t\t\t\t\t\t\t<a class=\"e-gallery-item elementor-gallery-item elementor-animated-content\" href=\"https:\/\/museomoderno.org\/wp-content\/uploads\/2026\/05\/3-scaled.jpg\" data-elementor-open-lightbox=\"yes\" data-elementor-lightbox-slideshow=\"053109a\" data-elementor-lightbox-title=\"Naturaleza arquitecta\" data-e-action-hash=\"#elementor-action%3Aaction%3Dlightbox%26settings%3DeyJpZCI6NjAwMzAsInVybCI6Imh0dHBzOlwvXC9tdXNlb21vZGVybm8ub3JnXC93cC1jb250ZW50XC91cGxvYWRzXC8yMDI2XC8wNVwvMy1zY2FsZWQuanBnIiwic2xpZGVzaG93IjoiMDUzMTA5YSJ9\">\n\t\t\t\t\t<div class=\"e-gallery-image elementor-gallery-item__image\" data-thumbnail=\"https:\/\/museomoderno.org\/wp-content\/uploads\/2026\/05\/3-scaled.jpg\" data-width=\"2560\" data-height=\"1707\" aria-label=\"\" role=\"img\" ><\/div>\n\t\t\t\t\t\t\t\t\t\t\t<div class=\"elementor-gallery-item__overlay\"><\/div>\n\t\t\t\t\t\t\t\t\t\t\t\t\t\t<\/a>\n\t\t\t\t\t\t\t<a class=\"e-gallery-item elementor-gallery-item elementor-animated-content\" href=\"https:\/\/museomoderno.org\/wp-content\/uploads\/2026\/05\/4-scaled.jpg\" data-elementor-open-lightbox=\"yes\" data-elementor-lightbox-slideshow=\"053109a\" data-elementor-lightbox-title=\"Naturaleza arquitecta\" data-e-action-hash=\"#elementor-action%3Aaction%3Dlightbox%26settings%3DeyJpZCI6NjAwMzEsInVybCI6Imh0dHBzOlwvXC9tdXNlb21vZGVybm8ub3JnXC93cC1jb250ZW50XC91cGxvYWRzXC8yMDI2XC8wNVwvNC1zY2FsZWQuanBnIiwic2xpZGVzaG93IjoiMDUzMTA5YSJ9\">\n\t\t\t\t\t<div class=\"e-gallery-image elementor-gallery-item__image\" data-thumbnail=\"https:\/\/museomoderno.org\/wp-content\/uploads\/2026\/05\/4-scaled.jpg\" data-width=\"2560\" data-height=\"1707\" aria-label=\"\" role=\"img\" ><\/div>\n\t\t\t\t\t\t\t\t\t\t\t<div class=\"elementor-gallery-item__overlay\"><\/div>\n\t\t\t\t\t\t\t\t\t\t\t\t\t\t<\/a>\n\t\t\t\t\t\t\t<a class=\"e-gallery-item elementor-gallery-item elementor-animated-content\" href=\"https:\/\/museomoderno.org\/wp-content\/uploads\/2026\/05\/5-scaled.jpg\" data-elementor-open-lightbox=\"yes\" data-elementor-lightbox-slideshow=\"053109a\" data-elementor-lightbox-title=\"Naturaleza arquitecta\" data-e-action-hash=\"#elementor-action%3Aaction%3Dlightbox%26settings%3DeyJpZCI6NjAwMzIsInVybCI6Imh0dHBzOlwvXC9tdXNlb21vZGVybm8ub3JnXC93cC1jb250ZW50XC91cGxvYWRzXC8yMDI2XC8wNVwvNS1zY2FsZWQuanBnIiwic2xpZGVzaG93IjoiMDUzMTA5YSJ9\">\n\t\t\t\t\t<div class=\"e-gallery-image elementor-gallery-item__image\" data-thumbnail=\"https:\/\/museomoderno.org\/wp-content\/uploads\/2026\/05\/5-scaled.jpg\" data-width=\"2560\" data-height=\"1707\" aria-label=\"\" role=\"img\" ><\/div>\n\t\t\t\t\t\t\t\t\t\t\t<div class=\"elementor-gallery-item__overlay\"><\/div>\n\t\t\t\t\t\t\t\t\t\t\t\t\t\t<\/a>\n\t\t\t\t\t\t\t<a class=\"e-gallery-item elementor-gallery-item elementor-animated-content\" href=\"https:\/\/museomoderno.org\/wp-content\/uploads\/2026\/05\/6-scaled.jpg\" data-elementor-open-lightbox=\"yes\" data-elementor-lightbox-slideshow=\"053109a\" data-elementor-lightbox-title=\"Naturaleza arquitecta\" data-e-action-hash=\"#elementor-action%3Aaction%3Dlightbox%26settings%3DeyJpZCI6NjAwMzMsInVybCI6Imh0dHBzOlwvXC9tdXNlb21vZGVybm8ub3JnXC93cC1jb250ZW50XC91cGxvYWRzXC8yMDI2XC8wNVwvNi1zY2FsZWQuanBnIiwic2xpZGVzaG93IjoiMDUzMTA5YSJ9\">\n\t\t\t\t\t<div class=\"e-gallery-image elementor-gallery-item__image\" data-thumbnail=\"https:\/\/museomoderno.org\/wp-content\/uploads\/2026\/05\/6-scaled.jpg\" data-width=\"2560\" data-height=\"1707\" aria-label=\"\" role=\"img\" ><\/div>\n\t\t\t\t\t\t\t\t\t\t\t<div class=\"elementor-gallery-item__overlay\"><\/div>\n\t\t\t\t\t\t\t\t\t\t\t\t\t\t<\/a>\n\t\t\t\t\t\t\t<a class=\"e-gallery-item elementor-gallery-item elementor-animated-content\" href=\"https:\/\/museomoderno.org\/wp-content\/uploads\/2026\/05\/7-scaled.jpg\" data-elementor-open-lightbox=\"yes\" data-elementor-lightbox-slideshow=\"053109a\" data-elementor-lightbox-title=\"Naturaleza arquitecta\" data-e-action-hash=\"#elementor-action%3Aaction%3Dlightbox%26settings%3DeyJpZCI6NjAwMzQsInVybCI6Imh0dHBzOlwvXC9tdXNlb21vZGVybm8ub3JnXC93cC1jb250ZW50XC91cGxvYWRzXC8yMDI2XC8wNVwvNy1zY2FsZWQuanBnIiwic2xpZGVzaG93IjoiMDUzMTA5YSJ9\">\n\t\t\t\t\t<div class=\"e-gallery-image elementor-gallery-item__image\" data-thumbnail=\"https:\/\/museomoderno.org\/wp-content\/uploads\/2026\/05\/7-scaled.jpg\" data-width=\"2560\" data-height=\"1707\" aria-label=\"\" role=\"img\" ><\/div>\n\t\t\t\t\t\t\t\t\t\t\t<div class=\"elementor-gallery-item__overlay\"><\/div>\n\t\t\t\t\t\t\t\t\t\t\t\t\t\t<\/a>\n\t\t\t\t\t\t\t<a class=\"e-gallery-item elementor-gallery-item elementor-animated-content\" href=\"https:\/\/museomoderno.org\/wp-content\/uploads\/2026\/05\/8-scaled.jpg\" data-elementor-open-lightbox=\"yes\" data-elementor-lightbox-slideshow=\"053109a\" data-elementor-lightbox-title=\"Naturaleza arquitecta\" data-e-action-hash=\"#elementor-action%3Aaction%3Dlightbox%26settings%3DeyJpZCI6NjAwMzUsInVybCI6Imh0dHBzOlwvXC9tdXNlb21vZGVybm8ub3JnXC93cC1jb250ZW50XC91cGxvYWRzXC8yMDI2XC8wNVwvOC1zY2FsZWQuanBnIiwic2xpZGVzaG93IjoiMDUzMTA5YSJ9\">\n\t\t\t\t\t<div class=\"e-gallery-image elementor-gallery-item__image\" data-thumbnail=\"https:\/\/museomoderno.org\/wp-content\/uploads\/2026\/05\/8-scaled.jpg\" data-width=\"2560\" data-height=\"1707\" aria-label=\"\" role=\"img\" ><\/div>\n\t\t\t\t\t\t\t\t\t\t\t<div class=\"elementor-gallery-item__overlay\"><\/div>\n\t\t\t\t\t\t\t\t\t\t\t\t\t\t<\/a>\n\t\t\t\t\t\t\t<a class=\"e-gallery-item elementor-gallery-item elementor-animated-content\" href=\"https:\/\/museomoderno.org\/wp-content\/uploads\/2026\/05\/9-scaled.jpg\" data-elementor-open-lightbox=\"yes\" data-elementor-lightbox-slideshow=\"053109a\" data-elementor-lightbox-title=\"Naturaleza arquitecta\" data-e-action-hash=\"#elementor-action%3Aaction%3Dlightbox%26settings%3DeyJpZCI6NjAwMzYsInVybCI6Imh0dHBzOlwvXC9tdXNlb21vZGVybm8ub3JnXC93cC1jb250ZW50XC91cGxvYWRzXC8yMDI2XC8wNVwvOS1zY2FsZWQuanBnIiwic2xpZGVzaG93IjoiMDUzMTA5YSJ9\">\n\t\t\t\t\t<div class=\"e-gallery-image elementor-gallery-item__image\" data-thumbnail=\"https:\/\/museomoderno.org\/wp-content\/uploads\/2026\/05\/9-scaled.jpg\" data-width=\"2560\" data-height=\"1707\" aria-label=\"En la fotograf\u00eda a color, distintos cuadros exhibidos en la exposici\u00f3n Naturalez Arquitecta\" role=\"img\" ><\/div>\n\t\t\t\t\t\t\t\t\t\t\t<div class=\"elementor-gallery-item__overlay\"><\/div>\n\t\t\t\t\t\t\t\t\t\t\t\t\t\t<\/a>\n\t\t\t\t\t\t\t<a class=\"e-gallery-item elementor-gallery-item elementor-animated-content\" href=\"https:\/\/museomoderno.org\/wp-content\/uploads\/2026\/05\/10-scaled.jpg\" data-elementor-open-lightbox=\"yes\" data-elementor-lightbox-slideshow=\"053109a\" data-elementor-lightbox-title=\"Naturaleza arquitecta\" data-e-action-hash=\"#elementor-action%3Aaction%3Dlightbox%26settings%3DeyJpZCI6NjAwMzcsInVybCI6Imh0dHBzOlwvXC9tdXNlb21vZGVybm8ub3JnXC93cC1jb250ZW50XC91cGxvYWRzXC8yMDI2XC8wNVwvMTAtc2NhbGVkLmpwZyIsInNsaWRlc2hvdyI6IjA1MzEwOWEifQ%3D%3D\">\n\t\t\t\t\t<div class=\"e-gallery-image elementor-gallery-item__image\" data-thumbnail=\"https:\/\/museomoderno.org\/wp-content\/uploads\/2026\/05\/10-scaled.jpg\" data-width=\"2560\" data-height=\"1707\" aria-label=\"\" role=\"img\" ><\/div>\n\t\t\t\t\t\t\t\t\t\t\t<div class=\"elementor-gallery-item__overlay\"><\/div>\n\t\t\t\t\t\t\t\t\t\t\t\t\t\t<\/a>\n\t\t\t\t\t\t\t<a class=\"e-gallery-item elementor-gallery-item elementor-animated-content\" href=\"https:\/\/museomoderno.org\/wp-content\/uploads\/2026\/05\/11-scaled.jpg\" data-elementor-open-lightbox=\"yes\" data-elementor-lightbox-slideshow=\"053109a\" data-elementor-lightbox-title=\"Naturaleza arquitecta\" data-e-action-hash=\"#elementor-action%3Aaction%3Dlightbox%26settings%3DeyJpZCI6NjAwMzgsInVybCI6Imh0dHBzOlwvXC9tdXNlb21vZGVybm8ub3JnXC93cC1jb250ZW50XC91cGxvYWRzXC8yMDI2XC8wNVwvMTEtc2NhbGVkLmpwZyIsInNsaWRlc2hvdyI6IjA1MzEwOWEifQ%3D%3D\">\n\t\t\t\t\t<div class=\"e-gallery-image elementor-gallery-item__image\" data-thumbnail=\"https:\/\/museomoderno.org\/wp-content\/uploads\/2026\/05\/11-scaled.jpg\" data-width=\"2560\" data-height=\"1707\" aria-label=\"\" role=\"img\" ><\/div>\n\t\t\t\t\t\t\t\t\t\t\t<div class=\"elementor-gallery-item__overlay\"><\/div>\n\t\t\t\t\t\t\t\t\t\t\t\t\t\t<\/a>\n\t\t\t\t\t\t\t<a class=\"e-gallery-item elementor-gallery-item elementor-animated-content\" href=\"https:\/\/museomoderno.org\/wp-content\/uploads\/2026\/05\/12-scaled.jpg\" data-elementor-open-lightbox=\"yes\" data-elementor-lightbox-slideshow=\"053109a\" data-elementor-lightbox-title=\"Naturaleza arquitecta\" data-e-action-hash=\"#elementor-action%3Aaction%3Dlightbox%26settings%3DeyJpZCI6NjAwMzksInVybCI6Imh0dHBzOlwvXC9tdXNlb21vZGVybm8ub3JnXC93cC1jb250ZW50XC91cGxvYWRzXC8yMDI2XC8wNVwvMTItc2NhbGVkLmpwZyIsInNsaWRlc2hvdyI6IjA1MzEwOWEifQ%3D%3D\">\n\t\t\t\t\t<div class=\"e-gallery-image elementor-gallery-item__image\" data-thumbnail=\"https:\/\/museomoderno.org\/wp-content\/uploads\/2026\/05\/12-scaled.jpg\" data-width=\"2560\" data-height=\"1707\" aria-label=\"\" role=\"img\" ><\/div>\n\t\t\t\t\t\t\t\t\t\t\t<div class=\"elementor-gallery-item__overlay\"><\/div>\n\t\t\t\t\t\t\t\t\t\t\t\t\t\t<\/a>\n\t\t\t\t\t\t\t<a class=\"e-gallery-item elementor-gallery-item elementor-animated-content\" href=\"https:\/\/museomoderno.org\/wp-content\/uploads\/2026\/05\/13-scaled.jpg\" data-elementor-open-lightbox=\"yes\" data-elementor-lightbox-slideshow=\"053109a\" data-elementor-lightbox-title=\"Naturaleza arquitecta\" data-e-action-hash=\"#elementor-action%3Aaction%3Dlightbox%26settings%3DeyJpZCI6NjAwNDAsInVybCI6Imh0dHBzOlwvXC9tdXNlb21vZGVybm8ub3JnXC93cC1jb250ZW50XC91cGxvYWRzXC8yMDI2XC8wNVwvMTMtc2NhbGVkLmpwZyIsInNsaWRlc2hvdyI6IjA1MzEwOWEifQ%3D%3D\">\n\t\t\t\t\t<div class=\"e-gallery-image elementor-gallery-item__image\" data-thumbnail=\"https:\/\/museomoderno.org\/wp-content\/uploads\/2026\/05\/13-scaled.jpg\" data-width=\"2560\" data-height=\"1707\" aria-label=\"\" role=\"img\" ><\/div>\n\t\t\t\t\t\t\t\t\t\t\t<div class=\"elementor-gallery-item__overlay\"><\/div>\n\t\t\t\t\t\t\t\t\t\t\t\t\t\t<\/a>\n\t\t\t\t\t\t\t<a class=\"e-gallery-item elementor-gallery-item elementor-animated-content\" href=\"https:\/\/museomoderno.org\/wp-content\/uploads\/2026\/05\/14-scaled.jpg\" data-elementor-open-lightbox=\"yes\" data-elementor-lightbox-slideshow=\"053109a\" data-elementor-lightbox-title=\"Naturaleza arquitecta\" data-e-action-hash=\"#elementor-action%3Aaction%3Dlightbox%26settings%3DeyJpZCI6NjAwNDEsInVybCI6Imh0dHBzOlwvXC9tdXNlb21vZGVybm8ub3JnXC93cC1jb250ZW50XC91cGxvYWRzXC8yMDI2XC8wNVwvMTQtc2NhbGVkLmpwZyIsInNsaWRlc2hvdyI6IjA1MzEwOWEifQ%3D%3D\">\n\t\t\t\t\t<div class=\"e-gallery-image elementor-gallery-item__image\" data-thumbnail=\"https:\/\/museomoderno.org\/wp-content\/uploads\/2026\/05\/14-scaled.jpg\" data-width=\"2560\" data-height=\"1707\" aria-label=\"\" role=\"img\" ><\/div>\n\t\t\t\t\t\t\t\t\t\t\t<div class=\"elementor-gallery-item__overlay\"><\/div>\n\t\t\t\t\t\t\t\t\t\t\t\t\t\t<\/a>\n\t\t\t\t\t<\/div>\n\t\t\t\t\t<\/div>\n\t\t\t\t<\/div>\n\t\t\t\t<div class=\"elementor-element elementor-element-86df6fc elementor-widget elementor-widget-spacer\" data-id=\"86df6fc\" data-element_type=\"widget\" data-e-type=\"widget\" data-widget_type=\"spacer.default\">\n\t\t\t\t<div class=\"elementor-widget-container\">\n\t\t\t\t\t\t\t<div class=\"elementor-spacer\">\n\t\t\t<div class=\"elementor-spacer-inner\"><\/div>\n\t\t<\/div>\n\t\t\t\t\t\t<\/div>\n\t\t\t\t<\/div>\n\t\t\t\t\t<\/div>\n\t\t\t\t<\/div>\n\t\t<div class=\"elementor-element elementor-element-6e0ec4b e-flex e-con-boxed e-con e-parent\" data-id=\"6e0ec4b\" data-element_type=\"container\" data-e-type=\"container\">\n\t\t\t\t\t<div class=\"e-con-inner\">\n\t\t\t\t<div class=\"elementor-element elementor-element-3ca993c elementor-widget elementor-widget-image\" data-id=\"3ca993c\" data-element_type=\"widget\" data-e-type=\"widget\" data-widget_type=\"image.default\">\n\t\t\t\t<div class=\"elementor-widget-container\">\n\t\t\t\t\t\t\t\t\t\t\t\t\t\t\t<img decoding=\"async\" width=\"800\" height=\"50\" src=\"https:\/\/museomoderno.org\/wp-content\/uploads\/2026\/01\/Continue-Exploring.jpg\" class=\"attachment-large size-large wp-image-59776\" alt=\"\" srcset=\"https:\/\/museomoderno.org\/wp-content\/uploads\/2026\/01\/Continue-Exploring.jpg 800w, https:\/\/museomoderno.org\/wp-content\/uploads\/2026\/01\/Continue-Exploring-300x19.jpg 300w, https:\/\/museomoderno.org\/wp-content\/uploads\/2026\/01\/Continue-Exploring-768x48.jpg 768w\" sizes=\"(max-width: 800px) 100vw, 800px\" \/>\t\t\t\t\t\t\t\t\t\t\t\t\t\t\t<\/div>\n\t\t\t\t<\/div>\n\t\t\t\t<div class=\"elementor-element elementor-element-848916a elementor-widget elementor-widget-spacer\" data-id=\"848916a\" data-element_type=\"widget\" data-e-type=\"widget\" data-widget_type=\"spacer.default\">\n\t\t\t\t<div class=\"elementor-widget-container\">\n\t\t\t\t\t\t\t<div class=\"elementor-spacer\">\n\t\t\t<div class=\"elementor-spacer-inner\"><\/div>\n\t\t<\/div>\n\t\t\t\t\t\t<\/div>\n\t\t\t\t<\/div>\n\t\t\t\t<div class=\"elementor-element elementor-element-647d2e3 elementor-widget elementor-widget-heading\" data-id=\"647d2e3\" data-element_type=\"widget\" data-e-type=\"widget\" data-widget_type=\"heading.default\">\n\t\t\t\t<div class=\"elementor-widget-container\">\n\t\t\t\t\t<h5 class=\"elementor-heading-title elementor-size-default\">Gallery A<\/h5>\t\t\t\t<\/div>\n\t\t\t\t<\/div>\n\t\t\t\t\t<\/div>\n\t\t\t\t<\/div>\n\t\t<div class=\"elementor-element elementor-element-49a3cd0 e-flex e-con-boxed e-con e-parent\" data-id=\"49a3cd0\" data-element_type=\"container\" data-e-type=\"container\">\n\t\t\t\t\t<div class=\"e-con-inner\">\n\t\t\t\t<div class=\"elementor-element elementor-element-8ba1386 elementor-widget elementor-widget-text-editor\" data-id=\"8ba1386\" data-element_type=\"widget\" data-e-type=\"widget\" data-widget_type=\"text-editor.default\">\n\t\t\t\t<div class=\"elementor-widget-container\">\n\t\t\t\t\t\t\t\t\t<p><span style=\"font-weight: 400;\">This gallery features artistic investigations that explore nature, from the rivers of the city of Buenos Aires to the Brazilian Amazon and the cliffs of the Chilean Pacific, to find out how we relate to the territories we inhabit. Conceived as a space of learning, with interactive activities devised with the Department of Education, we walk through the gallery like we might sail down a river, docking on its banks to spend time with the materials and experiences there.\u00a0<\/span><\/p><p><span style=\"font-weight: 400;\">It starts with the Brazilian architect Paulo Tavares, whose notion of \u201ccultural forest\u201d is the inspiration for the exhibition. Tavares sees the jungle as a form of collective design where history, ecology and politics come together. Tom\u00e1s Saraceno also reflects on nature as creator in his research into cobwebs as works of art and models of inter-species collaboration. The collectives m7red and Casa R\u00edo explore riverside territories to understand ecological and social processes on a regional and global scale. Florencia Levy looks at territories marked by extractivism, complex landscapes where matter, memory and conflict overlap. The project Utopias del Sur continues the legacy of the great artist Nicol\u00e1s Garc\u00eda Uriburu (1937-2016), extending his manifesto of art as ecological action through an education program and environmental reserves. The gallery also explores connections between poetry and landscape in the work of Chilean Ra\u00fal Zurita.<\/span><\/p>\t\t\t\t\t\t\t\t<\/div>\n\t\t\t\t<\/div>\n\t\t\t\t<div class=\"elementor-element elementor-element-2876196 elementor-widget elementor-widget-heading\" data-id=\"2876196\" data-element_type=\"widget\" data-e-type=\"widget\" data-widget_type=\"heading.default\">\n\t\t\t\t<div class=\"elementor-widget-container\">\n\t\t\t\t\t<h5 class=\"elementor-heading-title elementor-size-default\">Gallery B<\/h5>\t\t\t\t<\/div>\n\t\t\t\t<\/div>\n\t\t\t\t<div class=\"elementor-element elementor-element-2dbb26b elementor-widget elementor-widget-text-editor\" data-id=\"2dbb26b\" data-element_type=\"widget\" data-e-type=\"widget\" data-widget_type=\"text-editor.default\">\n\t\t\t\t<div class=\"elementor-widget-container\">\n\t\t\t\t\t\t\t\t\t<p><span style=\"font-weight: 400;\">In this gallery, nature unfurls spaces to awaken the body and the senses: from festive movements and intense colours to listening closely to delicate whispers in more intimate spaces.\u00a0<\/span><\/p><p><span style=\"font-weight: 400;\">Rivers cleave through territories like lines on a drawing, blurring solid and liquid states and cutting across society boundaries. Artists find in them an alternative way of leaning about and teaching history, while others inhabit them as places of celebrations and unexpected encounters where fantastical mythologies, personal stories and connections with other species emerge. They also use the sensorial power of painting to create fantastic landscapes with a strongly expressive and personal weight. Other artists get close to the animals to open their perception to new perspectives, in a theatrical game that goes beyond the limits of human experience.\u00a0<\/span><\/p><p><span style=\"font-weight: 400;\">What is hidden below the surface, beneath the rocks, in the layers that sustain the world? The roots and the volcanoes reveal the aesthetic and material power of what lies underground.\u00a0<\/span><\/p><p><span style=\"font-weight: 400;\">At the end of the room, a large mural draws us into a forest inhabited by intriguing presences, suggesting the opportunity to recognise in nature a repertoire of multiple ways of inhabiting.\u00a0<\/span><\/p>\t\t\t\t\t\t\t\t<\/div>\n\t\t\t\t<\/div>\n\t\t\t\t<div class=\"elementor-element elementor-element-2fa50a8 elementor-widget-divider--view-line elementor-widget elementor-widget-divider\" data-id=\"2fa50a8\" data-element_type=\"widget\" data-e-type=\"widget\" data-widget_type=\"divider.default\">\n\t\t\t\t<div class=\"elementor-widget-container\">\n\t\t\t\t\t\t\t<div class=\"elementor-divider\">\n\t\t\t<span class=\"elementor-divider-separator\">\n\t\t\t\t\t\t<\/span>\n\t\t<\/div>\n\t\t\t\t\t\t<\/div>\n\t\t\t\t<\/div>\n\t\t\t\t<div class=\"elementor-element elementor-element-a2e080c elementor-widget elementor-widget-n-accordion\" data-id=\"a2e080c\" data-element_type=\"widget\" data-e-type=\"widget\" data-settings=\"{&quot;default_state&quot;:&quot;expanded&quot;,&quot;max_items_expended&quot;:&quot;one&quot;,&quot;n_accordion_animation_duration&quot;:{&quot;unit&quot;:&quot;ms&quot;,&quot;size&quot;:400,&quot;sizes&quot;:[]}}\" data-widget_type=\"nested-accordion.default\">\n\t\t\t\t<div class=\"elementor-widget-container\">\n\t\t\t\t\t\t\t<div class=\"e-n-accordion\" aria-label=\"Accordion. Open links with Enter or Space, close with Escape, and navigate with Arrow Keys\">\n\t\t\t\t\t\t<details id=\"e-n-accordion-item-1700\" class=\"e-n-accordion-item\" open>\n\t\t\t\t<summary class=\"e-n-accordion-item-title\" data-accordion-index=\"1\" tabindex=\"0\" aria-expanded=\"true\" aria-controls=\"e-n-accordion-item-1700\" >\n\t\t\t\t\t<span class='e-n-accordion-item-title-header'><div class=\"e-n-accordion-item-title-text\"> <b>Paulo Tavares<\/b> <\/div><\/span>\n\t\t\t\t\t\t\t<span class='e-n-accordion-item-title-icon'>\n\t\t\t<span class='e-opened' ><i aria-hidden=\"true\" class=\"fas fa-minus\"><\/i><\/span>\n\t\t\t<span class='e-closed'><i aria-hidden=\"true\" class=\"fas fa-plus\"><\/i><\/span>\n\t\t<\/span>\n\n\t\t\t\t\t\t<\/summary>\n\t\t\t\t<div role=\"region\" aria-labelledby=\"e-n-accordion-item-1700\" class=\"elementor-element elementor-element-214d93f e-con-full e-flex e-con e-child\" data-id=\"214d93f\" data-element_type=\"container\" data-e-type=\"container\">\n\t\t\t\t<div class=\"elementor-element elementor-element-bd74fe4 elementor-widget elementor-widget-text-editor\" data-id=\"bd74fe4\" data-element_type=\"widget\" data-e-type=\"widget\" data-widget_type=\"text-editor.default\">\n\t\t\t\t<div class=\"elementor-widget-container\">\n\t\t\t\t\t\t\t\t\t<p><span style=\"font-weight: 400;\"><strong>Paulo Tavares<\/strong> has made a significant contribution to rethinking our relationship with nature. A Brazilian architect, writer, teacher, and winner of the Golden Lion at the 2023 Venice Architecture Biennale, Tavares has spent years researching the Brazilian Amazon, which he sees as a \u2018cultural forest\u2019, an architectural archive rooted in the communal-led design of the indigenous peoples. His work has been inspired by the worldviews of these communities, for whom nature is a living being. In his films <\/span><i><span style=\"font-weight: 400;\">Derechos no humanos<\/span><\/i><span style=\"font-weight: 400;\"> [<\/span><i><span style=\"font-weight: 400;\">Non-human Rights<\/span><\/i><span style=\"font-weight: 400;\">] and <\/span><i><span style=\"font-weight: 400;\">Contra el Estado<\/span><\/i><span style=\"font-weight: 400;\"> [<\/span><i><span style=\"font-weight: 400;\">Against the State<\/span><\/i><span style=\"font-weight: 400;\">], Tavares presents a range of interviews and archival footage from indigenous activists and leaders who fought for the recognition of the Rights of Nature in Ecuador\u2019s constitutional reform (2008), which adopts an \u2018animist\u2019 legal framework granting fundamental rights to rocks, mountains, rivers and seas. He also documented the lawsuit brought by the Kichwa people of Sarayaku against the State of Ecuador (2012), in which he shed light on the community\u2019s resistance to military incursions aimed at enabling oil production.\u00a0<\/span><\/p>\t\t\t\t\t\t\t\t<\/div>\n\t\t\t\t<\/div>\n\t\t\t\t<div class=\"elementor-element elementor-element-8f42720 elementor-widget elementor-widget-text-editor\" data-id=\"8f42720\" data-element_type=\"widget\" data-e-type=\"widget\" data-widget_type=\"text-editor.default\">\n\t\t\t\t<div class=\"elementor-widget-container\">\n\t\t\t\t\t\t\t\t\t<p><span style=\"text-decoration: underline;\"><strong>An Architectural Botany<br \/><\/strong><\/span>Modern western thinking sees the jungle as a symbol of nature unspoiled by humans and, therefore, bereft of culture and organisation. Paulo Tavares takes a different stance: he believes the jungle is a cultural artefact. Over the course of the 1980s, botanist William Bal\u00e9e carried out a series of botanical surveys together with the Ka\u2019apor people, with the aim of producing a detailed record of the ways in which their communities use, transform and decode the forest environment. Bal\u00e9e proved that vast areas of the Amazon are the result of the long-standing relationships between humans and the environment: essentially, they have been designed in partnership. <i>An Architectural Botany<\/i> is an installation that poses a series of questions that arise from Bal\u00e9e\u2019s photographic archive. Generally, this type of material is displayed in natural history museums and botanical gardens as evidence of a biological history rather than a social one, but what if we were to view this collection as an architectural archive?<\/p>\t\t\t\t\t\t\t\t<\/div>\n\t\t\t\t<\/div>\n\t\t\t\t<div class=\"elementor-element elementor-element-cd65d1b elementor-widget elementor-widget-text-editor\" data-id=\"cd65d1b\" data-element_type=\"widget\" data-e-type=\"widget\" data-widget_type=\"text-editor.default\">\n\t\t\t\t<div class=\"elementor-widget-container\">\n\t\t\t\t\t\t\t\t\t<p><span style=\"text-decoration: underline;\"><strong>Trees, Vines and Palms<br \/><\/strong><\/span>Can we think of trees, vines and palms as part of our historical heritage? This work by Paulo Tavares addresses this question by drawing on an event that took place in the 1960s and 1970s, during Brazil\u2019s military dictatorship, when the Xavante people, from the centre of the country, were subjected to a campaign of forced evictions and displacement to make way for cattle ranching and soy cultivation on their lands, in a process that was perversely termed \u2018pacification\u2019. Working in collaboration with the B\u2019\u00f6u Xavante association of Mar\u00e3iwats\u00e9d\u00e9, Tavares mapped the former villages from which the Xavante people had been forcibly displaced. A strip of vegetation has grown at the sites, with the typical species of trees, vines and palm trees that were part of the indigenous people\u2019s traditional way of life. These plant communities sprung up, following the layout of the villages designed by their former human inhabitants, like living architectural ruins. Most of the sites are located on what is now private land the Xavante cannot access and are at risk of destruction due to the expansion of industrial agriculture.<\/p>\t\t\t\t\t\t\t\t<\/div>\n\t\t\t\t<\/div>\n\t\t\t\t<\/div>\n\t\t\t\t\t<\/details>\n\t\t\t\t\t\t<details id=\"e-n-accordion-item-1701\" class=\"e-n-accordion-item\" >\n\t\t\t\t<summary class=\"e-n-accordion-item-title\" data-accordion-index=\"2\" tabindex=\"-1\" aria-expanded=\"false\" aria-controls=\"e-n-accordion-item-1701\" >\n\t\t\t\t\t<span class='e-n-accordion-item-title-header'><div class=\"e-n-accordion-item-title-text\"> <b>Ra\u00fal Zurita<\/b> <\/div><\/span>\n\t\t\t\t\t\t\t<span class='e-n-accordion-item-title-icon'>\n\t\t\t<span class='e-opened' ><i aria-hidden=\"true\" class=\"fas fa-minus\"><\/i><\/span>\n\t\t\t<span class='e-closed'><i aria-hidden=\"true\" class=\"fas fa-plus\"><\/i><\/span>\n\t\t<\/span>\n\n\t\t\t\t\t\t<\/summary>\n\t\t\t\t<div role=\"region\" aria-labelledby=\"e-n-accordion-item-1701\" class=\"elementor-element elementor-element-51aebb7 e-con-full e-flex e-con e-child\" data-id=\"51aebb7\" data-element_type=\"container\" data-e-type=\"container\">\n\t\t\t\t<div class=\"elementor-element elementor-element-533f5fc elementor-widget elementor-widget-text-editor\" data-id=\"533f5fc\" data-element_type=\"widget\" data-e-type=\"widget\" data-widget_type=\"text-editor.default\">\n\t\t\t\t<div class=\"elementor-widget-container\">\n\t\t\t\t\t\t\t\t\t<p><span style=\"font-weight: 400;\">Since the dawn of poetry, poets have sung the praises of the most sublime landscapes. But the great Chile poet Ra\u00fal Zurita sought to go even further, writing on the landscape itself as if it were a notebook the size of the planet. He wrote verses both in the skies above New York (1982) and in the Atacama desert (1993). <\/span><i><span style=\"font-weight: 400;\">Ver\u00e1s no ver<\/span><\/i><span style=\"font-weight: 400;\"> [<\/span><i><span style=\"font-weight: 400;\">You Will See Not to See<\/span><\/i><span style=\"font-weight: 400;\">] is his third poetry project in a landscape, this time, the cliffs of the Chilean Pacific. It was conceived 25 years ago and produced in 2024, with funding from the Engel Foundation. With the help of DelightLab, a light art collective, the 22 verses of the poem were projected onto the cliffs \u2013 over 1,000 metres high \u2013 from one night until dawn the next morning, when the last verse disappeared with the light of the sun. We present a selection of books by great Latin American poets who explored the expressive possibilities of the landscape, together with a series of photographs illustrating Zurita\u2019s project.\u00a0<\/span><\/p>\t\t\t\t\t\t\t\t<\/div>\n\t\t\t\t<\/div>\n\t\t\t\t<\/div>\n\t\t\t\t\t<\/details>\n\t\t\t\t\t\t<details id=\"e-n-accordion-item-1702\" class=\"e-n-accordion-item\" >\n\t\t\t\t<summary class=\"e-n-accordion-item-title\" data-accordion-index=\"3\" tabindex=\"-1\" aria-expanded=\"false\" aria-controls=\"e-n-accordion-item-1702\" >\n\t\t\t\t\t<span class='e-n-accordion-item-title-header'><div class=\"e-n-accordion-item-title-text\"> <b>m7red \u2013 P\u00edo Torroja<\/b> <\/div><\/span>\n\t\t\t\t\t\t\t<span class='e-n-accordion-item-title-icon'>\n\t\t\t<span class='e-opened' ><i aria-hidden=\"true\" class=\"fas fa-minus\"><\/i><\/span>\n\t\t\t<span class='e-closed'><i aria-hidden=\"true\" class=\"fas fa-plus\"><\/i><\/span>\n\t\t<\/span>\n\n\t\t\t\t\t\t<\/summary>\n\t\t\t\t<div role=\"region\" aria-labelledby=\"e-n-accordion-item-1702\" class=\"elementor-element elementor-element-df34099 e-con-full e-flex e-con e-child\" data-id=\"df34099\" data-element_type=\"container\" data-e-type=\"container\">\n\t\t\t\t<div class=\"elementor-element elementor-element-a682612 elementor-widget elementor-widget-text-editor\" data-id=\"a682612\" data-element_type=\"widget\" data-e-type=\"widget\" data-widget_type=\"text-editor.default\">\n\t\t\t\t<div class=\"elementor-widget-container\">\n\t\t\t\t\t\t\t\t\t<p><span style=\"font-weight: 400;\">Founded in 2005 by Mauricio Corbal\u00e1n and P\u00edo Torroja, m7red is a research and action platform that focuses on complex territories \u2013 such as river basins and areas of environmental conflict \u2013 through interdisciplinary practices that intersect architecture, art and activism. Created by P\u00edo Torroja in dialogue with \u201cLas tres ecolog\u00edas\u201d [\u2018The Three Ecologies\u2019], a project of the Museo Moderno\u2019s Education Department, <\/span><i><span style=\"font-weight: 400;\">Modos de existencia de la costa<\/span><\/i><span style=\"font-weight: 400;\"> [<\/span><i><span style=\"font-weight: 400;\">Ways of Life on the Coast<\/span><\/i><span style=\"font-weight: 400;\">] reconstructs the transformation of the Buenos Aires coastline through an analysis of the geological, ecological and political processes that altered the city\u2019s rivers. This study of four different historical periods \u2013 from 4000 BC to the construction of the Ecological Reserve, which initiated during the civil-military dictatorship (1976\u20131983) \u2013 shows how economic pressures, port infrastructure and state violence turned the coast into a contested space where nature and history intertwine. The project includes interviews with architect and historian Graciela Silvestri and geologist Marina Lema.\u00a0<\/span><\/p>\t\t\t\t\t\t\t\t<\/div>\n\t\t\t\t<\/div>\n\t\t\t\t<\/div>\n\t\t\t\t\t<\/details>\n\t\t\t\t\t\t<details id=\"e-n-accordion-item-1703\" class=\"e-n-accordion-item\" >\n\t\t\t\t<summary class=\"e-n-accordion-item-title\" data-accordion-index=\"4\" tabindex=\"-1\" aria-expanded=\"false\" aria-controls=\"e-n-accordion-item-1703\" >\n\t\t\t\t\t<span class='e-n-accordion-item-title-header'><div class=\"e-n-accordion-item-title-text\"> <b>Casa R\u00edo Lab <\/b> <\/div><\/span>\n\t\t\t\t\t\t\t<span class='e-n-accordion-item-title-icon'>\n\t\t\t<span class='e-opened' ><i aria-hidden=\"true\" class=\"fas fa-minus\"><\/i><\/span>\n\t\t\t<span class='e-closed'><i aria-hidden=\"true\" class=\"fas fa-plus\"><\/i><\/span>\n\t\t<\/span>\n\n\t\t\t\t\t\t<\/summary>\n\t\t\t\t<div role=\"region\" aria-labelledby=\"e-n-accordion-item-1703\" class=\"elementor-element elementor-element-3b00a34 e-con-full e-flex e-con e-child\" data-id=\"3b00a34\" data-element_type=\"container\" data-e-type=\"container\">\n\t\t\t\t<div class=\"elementor-element elementor-element-01c1bf3 elementor-widget elementor-widget-text-editor\" data-id=\"01c1bf3\" data-element_type=\"widget\" data-e-type=\"widget\" data-widget_type=\"text-editor.default\">\n\t\t\t\t<div class=\"elementor-widget-container\">\n\t\t\t\t\t\t\t\t\t<p><span style=\"font-weight: 400;\"><strong>Casa R\u00edo Lab<\/strong> is a platform dedicated to art, ecology and territorial work, based in the R\u00edo de la Plata. Founded by Alejandro Meitin and Dani Lorenzo, among others, the group carries out projects investigating the relationships between global infrastructures \u2013 such as agribusiness and logistics \u2013 and local ecosystems, particularly rivers and wetlands. Through maps, archives and actions in specific territories, the platform invites us to think of geography as a shifting biocultural fabric, shaped by environmental, economic and political processes. On the circular table \u2013 a space for dialogue and debate \u2013 Casa R\u00edo displays a diagram that summarizes its biocultural stance. The items on the other table document the tangible marks of extractivism in the La Plata Basin, ranging from monocultures and soil degradation to mining, energy extraction and the exploitation of the river. The objects are evidence of the ecological and social impacts \u2013 such as pollution, fires, the spread of invasive species \u2013 that are transforming life in our region.<\/span><\/p>\t\t\t\t\t\t\t\t<\/div>\n\t\t\t\t<\/div>\n\t\t\t\t<\/div>\n\t\t\t\t\t<\/details>\n\t\t\t\t\t\t<details id=\"e-n-accordion-item-1704\" class=\"e-n-accordion-item\" >\n\t\t\t\t<summary class=\"e-n-accordion-item-title\" data-accordion-index=\"5\" tabindex=\"-1\" aria-expanded=\"false\" aria-controls=\"e-n-accordion-item-1704\" >\n\t\t\t\t\t<span class='e-n-accordion-item-title-header'><div class=\"e-n-accordion-item-title-text\"> <b>Florencia Levy<\/b> <\/div><\/span>\n\t\t\t\t\t\t\t<span class='e-n-accordion-item-title-icon'>\n\t\t\t<span class='e-opened' ><i aria-hidden=\"true\" class=\"fas fa-minus\"><\/i><\/span>\n\t\t\t<span class='e-closed'><i aria-hidden=\"true\" class=\"fas fa-plus\"><\/i><\/span>\n\t\t<\/span>\n\n\t\t\t\t\t\t<\/summary>\n\t\t\t\t<div role=\"region\" aria-labelledby=\"e-n-accordion-item-1704\" class=\"elementor-element elementor-element-70835a7 e-con-full e-flex e-con e-child\" data-id=\"70835a7\" data-element_type=\"container\" data-e-type=\"container\">\n\t\t\t\t<div class=\"elementor-element elementor-element-80da354 elementor-widget elementor-widget-text-editor\" data-id=\"80da354\" data-element_type=\"widget\" data-e-type=\"widget\" data-widget_type=\"text-editor.default\">\n\t\t\t\t<div class=\"elementor-widget-container\">\n\t\t\t\t\t\t\t\t\t<p><span style=\"font-weight: 400;\">We are used to hearing about lithium and so-called \u2018rare earth\u2019 minerals \u2013 those materials found in the batteries of our phones and other technological devices \u2013 but what do we know about what the places where lithium is extracted actually look like? What happens to the land when it is exploited to get these raw materials, and what consequences does that exploitation have for the environment? These were the questions that drove Florencia Levy to produce <\/span><i><span style=\"font-weight: 400;\">Tercer sedimento<\/span><\/i><span style=\"font-weight: 400;\"> [<\/span><i><span style=\"font-weight: 400;\">Third Sediment<\/span><\/i><span style=\"font-weight: 400;\">], a work acquired by the Museo Moderno in 2024. Levy\u2019s practice is rooted in the traditions of investigative art and the film essay, bringing together wide-ranging research through a significant investment in montage and editing. In this video, the artist examines the remains and debris left by human activity in the landscape, particularly in environments overtaken by extractive industries. The project observes how these sediments \u2013 layers of waste, residue and fragments \u2013 are part of a new, emerging geology.\u00a0<\/span><\/p>\t\t\t\t\t\t\t\t<\/div>\n\t\t\t\t<\/div>\n\t\t\t\t<\/div>\n\t\t\t\t\t<\/details>\n\t\t\t\t\t\t<details id=\"e-n-accordion-item-1705\" class=\"e-n-accordion-item\" >\n\t\t\t\t<summary class=\"e-n-accordion-item-title\" data-accordion-index=\"6\" tabindex=\"-1\" aria-expanded=\"false\" aria-controls=\"e-n-accordion-item-1705\" >\n\t\t\t\t\t<span class='e-n-accordion-item-title-header'><div class=\"e-n-accordion-item-title-text\"> <b>Nicol\u00e1s Garc\u00eda Uriburu \/ Utop\u00eda del Sur<\/b> <\/div><\/span>\n\t\t\t\t\t\t\t<span class='e-n-accordion-item-title-icon'>\n\t\t\t<span class='e-opened' ><i aria-hidden=\"true\" class=\"fas fa-minus\"><\/i><\/span>\n\t\t\t<span class='e-closed'><i aria-hidden=\"true\" class=\"fas fa-plus\"><\/i><\/span>\n\t\t<\/span>\n\n\t\t\t\t\t\t<\/summary>\n\t\t\t\t<div role=\"region\" aria-labelledby=\"e-n-accordion-item-1705\" class=\"elementor-element elementor-element-64a6bb0 e-con-full e-flex e-con e-child\" data-id=\"64a6bb0\" data-element_type=\"container\" data-e-type=\"container\">\n\t\t\t\t<div class=\"elementor-element elementor-element-0df8111 elementor-widget elementor-widget-text-editor\" data-id=\"0df8111\" data-element_type=\"widget\" data-e-type=\"widget\" data-widget_type=\"text-editor.default\">\n\t\t\t\t<div class=\"elementor-widget-container\">\n\t\t\t\t\t\t\t\t\t<p><span style=\"font-weight: 400;\"><strong>Nicol\u00e1s Garc\u00eda Uriburu<\/strong> (1937\u20132016) was a pioneering figure in ecological art in Argentina, a visionary who paved the way for future generations of artists, many of whom are included in this exhibition. \u2018With my art, I denounce antagonism between Nature and Civilisation\u2019, he wrote. \u2018The most developed countries are in the process of destroying the water, land and air, the reserves of the future in Latin America countries\u2019, he warned. His iconic works drew on images of a Latin America united by nature, free from the political divisions imposed on it by colonialism and modernisation. His maps are not mere representation, but powerful tools for inspiring critical imagination and resistance, conveying a sense of rebellion in the face of threats to ecological balance. The project Utop\u00eda del Sur embraces his utopian vision, implementing transformative projects in the local territory that focus on conservation, community building and environmental education through art. In the El Potrero and El Yerbal reserves, the group works to regenerate ecosystems, reintroduce vulnerable species and protect biodiversity. Through its work with artists and schools, it has also designed an educational programme that introduces Garc\u00eda Uriburu\u2019s pioneering strategies to new generations.<\/span><\/p>\t\t\t\t\t\t\t\t<\/div>\n\t\t\t\t<\/div>\n\t\t\t\t<\/div>\n\t\t\t\t\t<\/details>\n\t\t\t\t\t\t<details id=\"e-n-accordion-item-1706\" class=\"e-n-accordion-item\" >\n\t\t\t\t<summary class=\"e-n-accordion-item-title\" data-accordion-index=\"7\" tabindex=\"-1\" aria-expanded=\"false\" aria-controls=\"e-n-accordion-item-1706\" >\n\t\t\t\t\t<span class='e-n-accordion-item-title-header'><div class=\"e-n-accordion-item-title-text\"> <b>Tom\u00e1s Saraceno<\/b> <\/div><\/span>\n\t\t\t\t\t\t\t<span class='e-n-accordion-item-title-icon'>\n\t\t\t<span class='e-opened' ><i aria-hidden=\"true\" class=\"fas fa-minus\"><\/i><\/span>\n\t\t\t<span class='e-closed'><i aria-hidden=\"true\" class=\"fas fa-plus\"><\/i><\/span>\n\t\t<\/span>\n\n\t\t\t\t\t\t<\/summary>\n\t\t\t\t<div role=\"region\" aria-labelledby=\"e-n-accordion-item-1706\" class=\"elementor-element elementor-element-e8b5e4d e-con-full e-flex e-con e-child\" data-id=\"e8b5e4d\" data-element_type=\"container\" data-e-type=\"container\">\n\t\t\t\t<div class=\"elementor-element elementor-element-6d97c3d elementor-widget elementor-widget-text-editor\" data-id=\"6d97c3d\" data-element_type=\"widget\" data-e-type=\"widget\" data-widget_type=\"text-editor.default\">\n\t\t\t\t<div class=\"elementor-widget-container\">\n\t\t\t\t\t\t\t\t\t<p><span style=\"font-weight: 400;\">Of the more than 50,000 species of spiders in the world, only 25 are considered social; that is, they live and build their webs in communities. Just one of these can be found in our region: <\/span><i><span style=\"font-weight: 400;\">Parawixia bistriata<\/span><\/i><span style=\"font-weight: 400;\">. In 2017, the Museo Moderno was transformed into a vast sanctuary for 7,000 spiders of this species, when artist Tom\u00e1s Saraceno and a team from the museum joined forces with scientists from the Museo de Ciencias Naturales Bernardino Rivadavia to create an exhibition that blurred the boundaries between art, science and nature. The <\/span><i><span style=\"font-weight: 400;\">Parawixia bistriata<\/span><\/i><span style=\"font-weight: 400;\"> works in groups to trap and transport the food it captures with the webs it spins during the night. The Museo Moderno adapted to this routine so that the artist could work alongside them to create an enormous, three-dimensional sensitive and dynamic weave, allowing us to reconsider the ways in which we inhabit our surroundings, through a stunning aesthetic experience. These works \u2013 recently donated to the Moderno by Saraceno \u2013 are two-dimensional adaptations of the extraordinary shapes created by the spiders. The work of the artist changes the way we view the natural world by showing us that these commonly feared creatures are in fact much closer to us than we might imagine, and that we have much to learn from what they do. What can spiders teach us about cooperation and natural architecture?\u00a0<\/span><\/p>\t\t\t\t\t\t\t\t<\/div>\n\t\t\t\t<\/div>\n\t\t\t\t<\/div>\n\t\t\t\t\t<\/details>\n\t\t\t\t\t\t<details id=\"e-n-accordion-item-1707\" class=\"e-n-accordion-item\" >\n\t\t\t\t<summary class=\"e-n-accordion-item-title\" data-accordion-index=\"8\" tabindex=\"-1\" aria-expanded=\"false\" aria-controls=\"e-n-accordion-item-1707\" >\n\t\t\t\t\t<span class='e-n-accordion-item-title-header'><div class=\"e-n-accordion-item-title-text\"> <b>Manuel Brandazza<\/b> <\/div><\/span>\n\t\t\t\t\t\t\t<span class='e-n-accordion-item-title-icon'>\n\t\t\t<span class='e-opened' ><i aria-hidden=\"true\" class=\"fas fa-minus\"><\/i><\/span>\n\t\t\t<span class='e-closed'><i aria-hidden=\"true\" class=\"fas fa-plus\"><\/i><\/span>\n\t\t<\/span>\n\n\t\t\t\t\t\t<\/summary>\n\t\t\t\t<div role=\"region\" aria-labelledby=\"e-n-accordion-item-1707\" class=\"elementor-element elementor-element-434a046 e-con-full e-flex e-con e-child\" data-id=\"434a046\" data-element_type=\"container\" data-e-type=\"container\">\n\t\t\t\t<div class=\"elementor-element elementor-element-313bfe8 elementor-widget elementor-widget-text-editor\" data-id=\"313bfe8\" data-element_type=\"widget\" data-e-type=\"widget\" data-widget_type=\"text-editor.default\">\n\t\t\t\t<div class=\"elementor-widget-container\">\n\t\t\t\t\t\t\t\t\t<p>Born in Rosario, Manuel Brandazza uses the mud from the Paran\u00e1 River as a living material: it is the support for his drawings and murals, the raw material for the sculptures he creates and integrates into his textile pieces, and the canvas onto which he projects his personal mythologies. In this mural, stretching from the entrance hall of the museum to the gallery containing the exhibition <i>Naturaleza Arquitecta<\/i> [<i>Nature, The Architect<\/i>], the mud becomes a sketchbook used by Brandazza to illustrate and narrate memories of a life spent by the river. The flora and fauna of the river environment \u2013 including reeds, snakes and birds \u2013 intertwine with a constellation of references to Rosario\u2019s artistic traditions, from Lucio Fontana\u2019s <i>Muchacho del Paran\u00e1<\/i> [<i>Boy from the Paran\u00e1<\/i>] (1942) to Ra\u00fal Dom\u00ednguez\u2019s murals, thus grounding the work in a visual history of the coastline. Within the same space, images of the artist\u2019s friends appear, along with slogans related to gender activism and fantastical beings. Together they weave a narrative in which the artist\u2019s own biography, imaginary and territory blend together in a material that is constantly evolving.<\/p>\t\t\t\t\t\t\t\t<\/div>\n\t\t\t\t<\/div>\n\t\t\t\t<div class=\"elementor-element elementor-element-3048318 elementor-widget elementor-widget-text-editor\" data-id=\"3048318\" data-element_type=\"widget\" data-e-type=\"widget\" data-widget_type=\"text-editor.default\">\n\t\t\t\t<div class=\"elementor-widget-container\">\n\t\t\t\t\t\t\t\t\t<p>In this grand procession created especially for this exhibition, Manuel Brandazza transformed the Paran\u00e1 River into an enormous natural catwalk, with dozens of models showcasing his designs from aboard barges. But the river is more than just an unusual setting for such a display: just as the river mud provides a support for his murals and sgraffito drawings, here, the Paran\u00e1 is a space for an exuberant repertoire of stories filled with fantastical characters and, above all, the river \u2013 the true protagonist of the scene. After becoming a mainstay in the fashion and art circuits of Buenos Aires, Brandazza travelled to Brazil, where he worked creating the costumes for one of the samba schools that participates in the Rio de Janeiro Carnaval. That experience provided him with a wealth of inspiration and reinforced his appreciation for the carnaval\u2019s rebellious spirit and unruly energy. Returning to Rosario, those learnings intertwined with his admiration for the Paran\u00e1 and coalesced in a practice in which the river and the festive merge into a celebration of overflowing emotions.\u00a0<\/p>\t\t\t\t\t\t\t\t<\/div>\n\t\t\t\t<\/div>\n\t\t\t\t<\/div>\n\t\t\t\t\t<\/details>\n\t\t\t\t\t\t<details id=\"e-n-accordion-item-1708\" class=\"e-n-accordion-item\" >\n\t\t\t\t<summary class=\"e-n-accordion-item-title\" data-accordion-index=\"9\" tabindex=\"-1\" aria-expanded=\"false\" aria-controls=\"e-n-accordion-item-1708\" >\n\t\t\t\t\t<span class='e-n-accordion-item-title-header'><div class=\"e-n-accordion-item-title-text\"> <b>F\u00e9lix Shumba<\/b> <\/div><\/span>\n\t\t\t\t\t\t\t<span class='e-n-accordion-item-title-icon'>\n\t\t\t<span class='e-opened' ><i aria-hidden=\"true\" class=\"fas fa-minus\"><\/i><\/span>\n\t\t\t<span class='e-closed'><i aria-hidden=\"true\" class=\"fas fa-plus\"><\/i><\/span>\n\t\t<\/span>\n\n\t\t\t\t\t\t<\/summary>\n\t\t\t\t<div role=\"region\" aria-labelledby=\"e-n-accordion-item-1708\" class=\"elementor-element elementor-element-c4ed79e e-con-full e-flex e-con e-child\" data-id=\"c4ed79e\" data-element_type=\"container\" data-e-type=\"container\">\n\t\t\t\t<div class=\"elementor-element elementor-element-d226a90 elementor-widget elementor-widget-text-editor\" data-id=\"d226a90\" data-element_type=\"widget\" data-e-type=\"widget\" data-widget_type=\"text-editor.default\">\n\t\t\t\t<div class=\"elementor-widget-container\">\n\t\t\t\t\t\t\t\t\t<p>This monumental work marking the culmination of the exhibition \u2013 created by Zimbabwean artist Felix Shumba, who represents his country at the 61st International Art Exhibition of the Venice Biennale \u2013 shows a vast night-time landscape in which the forest is transformed into a fantastical creature, enveloping us and returning our gaze. The work has been created using charcoal produced by the artist himself from wood sourced from the forests of his homeland in Avonmore Farm, Masvingo. The mural is inspired by <i>Muka Tiende<\/i> [\u2018Wake up, let\u2019s go\u2019], a composition performed on the <i>mbira<\/i> to mark the close of nocturnal ceremonies, played just before dawn, when spirits are summoned one last time before daily routines and duties are resumed. In that liminal moment, bathed in an inimitable light, the mural invites us to open our eyes and surrender ourselves to a subtle game of revelation and concealment, to discover the myriad forms that inhabit the fabric of the forest. Shumba calls this the \u2018Fold Fields Space\u2019, a fictional universe haunted by unresolved, painful pasts, yet open to speculation about potential worlds.\u00a0<\/p>\t\t\t\t\t\t\t\t<\/div>\n\t\t\t\t<\/div>\n\t\t\t\t<\/div>\n\t\t\t\t\t<\/details>\n\t\t\t\t\t\t<details id=\"e-n-accordion-item-1709\" class=\"e-n-accordion-item\" >\n\t\t\t\t<summary class=\"e-n-accordion-item-title\" data-accordion-index=\"10\" tabindex=\"-1\" aria-expanded=\"false\" aria-controls=\"e-n-accordion-item-1709\" >\n\t\t\t\t\t<span class='e-n-accordion-item-title-header'><div class=\"e-n-accordion-item-title-text\"> <b>Jonathas de Andrade<\/b> <\/div><\/span>\n\t\t\t\t\t\t\t<span class='e-n-accordion-item-title-icon'>\n\t\t\t<span class='e-opened' ><i aria-hidden=\"true\" class=\"fas fa-minus\"><\/i><\/span>\n\t\t\t<span class='e-closed'><i aria-hidden=\"true\" class=\"fas fa-plus\"><\/i><\/span>\n\t\t<\/span>\n\n\t\t\t\t\t\t<\/summary>\n\t\t\t\t<div role=\"region\" aria-labelledby=\"e-n-accordion-item-1709\" class=\"elementor-element elementor-element-3e0639e e-con-full e-flex e-con e-child\" data-id=\"3e0639e\" data-element_type=\"container\" data-e-type=\"container\">\n\t\t\t\t<div class=\"elementor-element elementor-element-7259970 elementor-widget elementor-widget-text-editor\" data-id=\"7259970\" data-element_type=\"widget\" data-e-type=\"widget\" data-widget_type=\"text-editor.default\">\n\t\t\t\t<div class=\"elementor-widget-container\">\n\t\t\t\t\t\t\t\t\t<p><span style=\"text-decoration: underline;\"><b><i>O Peixe<\/i><\/b><b> [<\/b><b><i>The Fish<\/i><\/b><b>]<br \/><\/b><\/span><i>O Peixe<\/i> [<i>The Fish<\/i>] depicts bucolic scenes of fishermen in the S\u00e3o Francisco River of north-eastern Brazil and the everyday gestures and rhythms that make up a life lived in harmony with the environment. The peaceful flow of the river bursts suddenly with a show of unexpected emotion: the fishermen cradle the freshly caught fish, accompanying them until their death, locked in an embrace in which brutality mixes with an erotic tension of a more ambiguous nature. Filled with scenes of captivating intimacy, the film initially appears to be a documentary, as if the subjects were unaware of the camera, but, in fact, the sequence was carefully orchestrated by the artist. <i>O Peixe<\/i> refuses to be pinned down to a single interpretation: the fishermen\u2019s actions can be read either as caring for or dominating nature, as compassion or aggression: there is an ambiguity in which ritual, intimacy and violence become muddled.<\/p>\t\t\t\t\t\t\t\t<\/div>\n\t\t\t\t<\/div>\n\t\t\t\t<div class=\"elementor-element elementor-element-2fc1d66 elementor-widget elementor-widget-text-editor\" data-id=\"2fc1d66\" data-element_type=\"widget\" data-e-type=\"widget\" data-widget_type=\"text-editor.default\">\n\t\t\t\t<div class=\"elementor-widget-container\">\n\t\t\t\t\t\t\t\t\t<p><span style=\"text-decoration: underline;\"><b><i>Jangadeiros e canoeiros<\/i><\/b><b> [<\/b><b><i>Raftsmen and Canoeists<\/i><\/b><\/span><b><span style=\"text-decoration: underline;\">]<\/span><br \/><\/b>For <i>Jangadeiros e Canoeiros<\/i>, Jonathas de Andrade worked with the communities of fishermen from north-eastern Brazil whom he used to watch as a child when he visited those beaches. De Andrade asks them about the shapes and choices of colours for their sails, and their answers reveal sensitive reflections similar to those of an artistic imagination, revealing the expressive and emotional power of the use of colours. In scenes reminiscent of a festive and hypnotic dance, the sails of the boats gliding across the water settle into shapes that recall some of the iconic chapters in Brazil\u2019s history of abstraction \u2013 Helio Oiticica and neo-concretism in particular \u2013 as if the knowledge of that tradition had originate from popular practices before establishing itself in the aesthetic sphere.\u00a0<\/p>\t\t\t\t\t\t\t\t<\/div>\n\t\t\t\t<\/div>\n\t\t\t\t<\/div>\n\t\t\t\t\t<\/details>\n\t\t\t\t\t\t<details id=\"e-n-accordion-item-17010\" class=\"e-n-accordion-item\" >\n\t\t\t\t<summary class=\"e-n-accordion-item-title\" data-accordion-index=\"11\" tabindex=\"-1\" aria-expanded=\"false\" aria-controls=\"e-n-accordion-item-17010\" >\n\t\t\t\t\t<span class='e-n-accordion-item-title-header'><div class=\"e-n-accordion-item-title-text\"> <b>Rivane Neuenschwander &amp; Cao Guimar\u00e3es <\/b> <\/div><\/span>\n\t\t\t\t\t\t\t<span class='e-n-accordion-item-title-icon'>\n\t\t\t<span class='e-opened' ><i aria-hidden=\"true\" class=\"fas fa-minus\"><\/i><\/span>\n\t\t\t<span class='e-closed'><i aria-hidden=\"true\" class=\"fas fa-plus\"><\/i><\/span>\n\t\t<\/span>\n\n\t\t\t\t\t\t<\/summary>\n\t\t\t\t<div role=\"region\" aria-labelledby=\"e-n-accordion-item-17010\" class=\"elementor-element elementor-element-dc5e7f2 e-con-full e-flex e-con e-child\" data-id=\"dc5e7f2\" data-element_type=\"container\" data-e-type=\"container\">\n\t\t\t\t<div class=\"elementor-element elementor-element-3969b62 elementor-widget elementor-widget-text-editor\" data-id=\"3969b62\" data-element_type=\"widget\" data-e-type=\"widget\" data-widget_type=\"text-editor.default\">\n\t\t\t\t<div class=\"elementor-widget-container\">\n\t\t\t\t\t\t\t\t\t<p>Artists Rivane Neuenschwander and Cao Guimar\u00e3es have long collaborated on films that transform their observation of nature and Brazilian cultural phenomena into fables revealing the magic present in everyday life. This work pays tribute to a cultural tradition from northern Brazil related to the Cord\u00e3o da Bicharada, a festival in the state of Par\u00e1 in which communities dress up as animals and parade through the town and along the riverbanks. All of the characters are portrayed by children, making the event playful and involving the community in passing on these folk traditions. The narrative focuses on the preparations for the parade and the film combines a documentary style with a winking, celebratory perspective of the charming chaos of the children and the animals they portray.<\/p>\t\t\t\t\t\t\t\t<\/div>\n\t\t\t\t<\/div>\n\t\t\t\t<\/div>\n\t\t\t\t\t<\/details>\n\t\t\t\t\t\t<details id=\"e-n-accordion-item-17011\" class=\"e-n-accordion-item\" >\n\t\t\t\t<summary class=\"e-n-accordion-item-title\" data-accordion-index=\"12\" tabindex=\"-1\" aria-expanded=\"false\" aria-controls=\"e-n-accordion-item-17011\" >\n\t\t\t\t\t<span class='e-n-accordion-item-title-header'><div class=\"e-n-accordion-item-title-text\"> <b>Eduardo Navarro &amp; Sebasti\u00e1n Roque<\/b> <\/div><\/span>\n\t\t\t\t\t\t\t<span class='e-n-accordion-item-title-icon'>\n\t\t\t<span class='e-opened' ><i aria-hidden=\"true\" class=\"fas fa-minus\"><\/i><\/span>\n\t\t\t<span class='e-closed'><i aria-hidden=\"true\" class=\"fas fa-plus\"><\/i><\/span>\n\t\t<\/span>\n\n\t\t\t\t\t\t<\/summary>\n\t\t\t\t<div role=\"region\" aria-labelledby=\"e-n-accordion-item-17011\" class=\"elementor-element elementor-element-57729ea e-con-full e-flex e-con e-child\" data-id=\"57729ea\" data-element_type=\"container\" data-e-type=\"container\">\n\t\t\t\t<div class=\"elementor-element elementor-element-4283ed7 elementor-widget elementor-widget-text-editor\" data-id=\"4283ed7\" data-element_type=\"widget\" data-e-type=\"widget\" data-widget_type=\"text-editor.default\">\n\t\t\t\t<div class=\"elementor-widget-container\">\n\t\t\t\t\t\t\t\t\t<p>To create <i>Poema volc\u00e1nico<\/i> [<i>Volcanic Poem<\/i>], Eduardo Navarro climbed a volcano in Ecuador and, wearing a protective suit he had designed himself, carried sheets of paper to the rim of the enormous crater, exposing them to its fumes and ash. In this way, it was the volcano itself that made the \u2018drawings\u2019: the chemical and thermal reactions left their marks on the surface, creating a kind of visual poetry. The work includes these volcanic \u2018drawings\u2019, the protective suit used by Navarro and a journal in which he recounts the experience. In <i>Volc\u00e1n de m\u00ed mismo<\/i> [<i>A Volcano of My Own<\/i>], created in collaboration with Sebasti\u00e1n Roque, rocks from a real volcano (Mount Etna in Sicily) are part of the piece, which combines sculpture and metalwork, creating a miniature in which incense provides the volcanic emissions.<\/p>\t\t\t\t\t\t\t\t<\/div>\n\t\t\t\t<\/div>\n\t\t\t\t<\/div>\n\t\t\t\t\t<\/details>\n\t\t\t\t\t<\/div>\n\t\t\t\t\t\t<\/div>\n\t\t\t\t<\/div>\n\t\t\t\t\t<\/div>\n\t\t\t\t<\/div>\n\t\t<div class=\"elementor-element elementor-element-1ae733b e-flex e-con-boxed e-con e-parent\" data-id=\"1ae733b\" data-element_type=\"container\" data-e-type=\"container\">\n\t\t\t\t\t<div class=\"e-con-inner\">\n\t\t\t\t<div class=\"elementor-element elementor-element-6fc7c55 elementor-widget-divider--view-line elementor-widget elementor-widget-divider\" data-id=\"6fc7c55\" data-element_type=\"widget\" data-e-type=\"widget\" data-widget_type=\"divider.default\">\n\t\t\t\t<div class=\"elementor-widget-container\">\n\t\t\t\t\t\t\t<div class=\"elementor-divider\">\n\t\t\t<span class=\"elementor-divider-separator\">\n\t\t\t\t\t\t<\/span>\n\t\t<\/div>\n\t\t\t\t\t\t<\/div>\n\t\t\t\t<\/div>\n\t\t\t\t\t<\/div>\n\t\t\t\t<\/div>\n\t\t<div class=\"elementor-element elementor-element-aa29411 e-flex e-con-boxed e-con e-parent\" data-id=\"aa29411\" data-element_type=\"container\" data-e-type=\"container\">\n\t\t\t\t\t<div class=\"e-con-inner\">\n\t\t\t\t<div class=\"elementor-element elementor-element-ed0cce9 elementor-widget elementor-widget-text-editor\" data-id=\"ed0cce9\" data-element_type=\"widget\" data-e-type=\"widget\" data-widget_type=\"text-editor.default\">\n\t\t\t\t<div class=\"elementor-widget-container\">\n\t\t\t\t\t\t\t\t\t<p><b>Artists and collectives:<\/b><span style=\"font-weight: 400;\"> Manuel Brandazza (Argentina, 1975), Virginia Buitr\u00f3n (Buenos Aires, 1977) , Adriana Bustos (Argentina, 1965), Ariel Cusnir (Argentina, 1981), Jonathas de Andrade (Brasil, 1982), Juli\u00e1n D\u2019Angiolillo (Argentina, 1976), Cao Guimar\u00e3es (Brasil, 1965), Artur Lescher (Brasil, 1962), Florencia Levy (Argentina, 1979), m7red (Argentina, 2005), Valeria Maggi (Argentina, 1985), Eduardo Navarro (Argentina, 1979), Rivane Neuenschwander (Brasil, 1967), Rayana Rayo (Brasil, 1989), Casa R\u00edo Lab (Argentina, 2021), Florencia Rodr\u00edguez Giles (Argentina, 1978), Sebasti\u00e1n Roque (Argentina, 1982), Tom\u00e1s Saraceno (Argentina, 1973), Felix Shumba (Zimbabwe, 1989), Paulo Tavares (Brasil, 1980) and Utop\u00eda del Sur \/ Fundaci\u00f3n Nicol\u00e1s Garc\u00eda Uriburu (Argentina).<\/span><\/p><p><b>Curated by<\/b><span style=\"font-weight: 400;\">: Patricio Orellana, Head of Curatorial Department, in dialogue with Victoria Noorthoorn<br \/><\/span><b>Curatorial assistance<\/b><span style=\"font-weight: 400;\">: Florencia Morel<br \/><\/span><b>General Coordination<\/b><span style=\"font-weight: 400;\">: <\/span><span style=\"font-weight: 400;\">Agustina Vizcarra y Noelia Magnelli<br \/><\/span><b>Museum Design<\/b><span style=\"font-weight: 400;\">: Daniela Thomas, Felipe Tassara, Iv\u00e1n R\u00f6sler and Gonzalo Silva<br \/><\/span><b>Production<\/b><span style=\"font-weight: 400;\">: Ana Cambre and Julieta Potenze<br \/><\/span><b>Installation coordinator<\/b><span style=\"font-weight: 400;\">:<\/span> <span style=\"font-weight: 400;\">Germ\u00e1n Sandoval<br \/><\/span><b>Technical coordinator<\/b><span style=\"font-weight: 400;\">: Guillermo Carrasco<br \/><\/span><b>Graphic design<\/b><span style=\"font-weight: 400;\">: Job Salorio<\/span><\/p>\t\t\t\t\t\t\t\t<\/div>\n\t\t\t\t<\/div>\n\t\t\t\t\t<\/div>\n\t\t\t\t<\/div>\n\t\t\t\t<\/div>\n\t\t","protected":false},"excerpt":{"rendered":"<p><b>Location:<\/b> Ground floor (Galleries A &#038; B)<\/p>\n<p><b>Artists and collectives:<\/b> Manuel Brandazza (Argentina, 1975), Virginia Buitr\u00f3n (Buenos Aires, 1977) , Adriana Bustos (Argentina, 1965), Ariel Cusnir (Argentina, 1981), Jonathas de Andrade (Brasil, 1982), Juli\u00e1n D\u2019Angiolillo (Argentina, 1976), Cao Guimar\u00e3es (Brasil, 1965),  Artur Lescher (Brasil, 1962), Florencia Levy (Argentina, 1979), m7red (Argentina, 2005), Valeria Maggi (Argentina, 1985), Eduardo Navarro (Argentina, 1979), Rivane Neuenschwander (Brasil, 1967), Rayana Rayo (Brasil, 1989), Casa R\u00edo Lab (Argentina, 2021), Florencia Rodr\u00edguez Giles (Argentina, 1978), Sebasti\u00e1n Roque (Argentina, 1982), Tom\u00e1s Saraceno (Argentina, 1973), Felix Shumba (Zimbabwe, 1989), Paulo Tavares (Brasil, 1980) and Utop\u00eda del Sur \/ Fundaci\u00f3n Nicol\u00e1s Garc\u00eda Uriburu (Argentina).<\/p>\n","protected":false},"featured_media":57344,"template":"","categoria-de-exposiciones":[],"class_list":["post-57343","exposiciones","type-exposiciones","status-publish","has-post-thumbnail","hentry"],"_links":{"self":[{"href":"https:\/\/museomoderno.org\/en\/wp-json\/wp\/v2\/exposiciones\/57343","targetHints":{"allow":["GET"]}}],"collection":[{"href":"https:\/\/museomoderno.org\/en\/wp-json\/wp\/v2\/exposiciones"}],"about":[{"href":"https:\/\/museomoderno.org\/en\/wp-json\/wp\/v2\/types\/exposiciones"}],"version-history":[{"count":48,"href":"https:\/\/museomoderno.org\/en\/wp-json\/wp\/v2\/exposiciones\/57343\/revisions"}],"predecessor-version":[{"id":60925,"href":"https:\/\/museomoderno.org\/en\/wp-json\/wp\/v2\/exposiciones\/57343\/revisions\/60925"}],"wp:featuredmedia":[{"embeddable":true,"href":"https:\/\/museomoderno.org\/en\/wp-json\/wp\/v2\/media\/57344"}],"wp:attachment":[{"href":"https:\/\/museomoderno.org\/en\/wp-json\/wp\/v2\/media?parent=57343"}],"wp:term":[{"taxonomy":"categoria-de-exposiciones","embeddable":true,"href":"https:\/\/museomoderno.org\/en\/wp-json\/wp\/v2\/categoria-de-exposiciones?post=57343"}],"curies":[{"name":"wp","href":"https:\/\/api.w.org\/{rel}","templated":true}]}}