{"id":32995,"date":"2023-05-17T17:29:53","date_gmt":"2023-05-17T20:29:53","guid":{"rendered":"https:\/\/museomoderno.org\/exposiciones\/manifiesto-verde\/"},"modified":"2025-01-10T16:09:28","modified_gmt":"2025-01-10T19:09:28","slug":"manifiesto-verde","status":"publish","type":"exposiciones","link":"https:\/\/museomoderno.org\/en\/exhibitions\/manifiesto-verde\/","title":{"rendered":"Green Manifesto"},"content":{"rendered":"\t\t<div data-elementor-type=\"wp-post\" data-elementor-id=\"32995\" class=\"elementor elementor-32995 elementor-31699\" data-elementor-post-type=\"exposiciones\">\n\t\t\t\t\t\t<section class=\"elementor-section elementor-top-section elementor-element elementor-element-ec5c7f2 elementor-section-boxed elementor-section-height-default elementor-section-height-default\" data-id=\"ec5c7f2\" data-element_type=\"section\" data-e-type=\"section\">\n\t\t\t\t\t\t<div class=\"elementor-container elementor-column-gap-default\">\n\t\t\t\t\t<div class=\"elementor-column elementor-col-100 elementor-top-column elementor-element elementor-element-52ec76d\" data-id=\"52ec76d\" data-element_type=\"column\" data-e-type=\"column\">\n\t\t\t<div class=\"elementor-widget-wrap elementor-element-populated\">\n\t\t\t\t\t\t<div class=\"elementor-element elementor-element-2424dd8 elementor-widget elementor-widget-text-editor\" data-id=\"2424dd8\" data-element_type=\"widget\" data-e-type=\"widget\" data-widget_type=\"text-editor.default\">\n\t\t\t\t<div class=\"elementor-widget-container\">\n\t\t\t\t\t\t\t\t\t<p><span style=\"font-weight: 400;\">Produced between the 1940s and the present, the works in <\/span><i><span style=\"font-weight: 400;\">Manifiesto verde<\/span><\/i><span style=\"font-weight: 400;\"> [<\/span><i><span style=\"font-weight: 400;\">Green Manifesto<\/span><\/i><span style=\"font-weight: 400;\">] are a celebration of art as a vital tool in revealing the vigour of the Earth, accessed by the artists through close observation of their surroundings, and pictorial and imaginary exercises. These are works in which reality and fantasy converge, exuberant visions where humans, flora, fauna, air, earth and water cohabit and participate in processes of transformation and exchange. Here, geographies become anatomies, and nature recovers the form of a great wild organism, at once dream and nightmare, devouring and embracing. The outsized proportions of the works, their undulating and intertwining forms, the vibrancy of their colours and the abundance of their compositions speak of the infinite non-hierarchical webs that make up all living things and remind us that nature is not simply an object of domination.<\/span><\/p><p><i><span style=\"font-weight: 400;\">Manifiesto verde <\/span><\/i><span style=\"font-weight: 400;\">\u00a0takes its title from the 1971 statement by Nicol\u00e1s Garc\u00eda Uriburu (Argentina, 1937-2016) condemning the antagonism between civilisation and nature. This exhibition asks us to step back from the dichotomies that have distanced us from the rest of the living world. Focused on restoring his painting\u2019s fundamental role as a manifesto against the depredation and exploitation of the planet, it is a tribute not only to Uriburu\u2019s performative practice but to his pioneering activism. With this in mind, we began a conversation with Florencia B\u00f6htlingk to bring together works by artists who, for decades, have been creating images of fecundity that invite us to pay attention and recover a sense of awe for the painting and, through it, for the throbbing, feeling, living world it represents.<\/span><\/p><p><span style=\"font-weight: 400;\">These artists\u2019 works have contributed to their artistic movements highly personal languages born of our South and prompted by experiences of the Paran\u00e1 Delta, the Wetlands, the Littoral, the jungles of Misiones and the Amazon, and the landscapes of the Andes. These and other ecosystems are reincarnated and set free in these paintings, drawings, engravings and sculptures, where they find a place to breathe and to display their richness and their innermost core<\/span><span style=\"font-weight: 400;\">.<\/span><\/p><p><b>Artists: <\/b><span style=\"font-weight: 400;\">Nicol\u00e1s Garc\u00eda Uriburu in dialogue with Luis Fernando Benedit, Florencia B\u00f6htlingk, Mel\u00e9 Bruniard, Juana Butler, Feliciano Centuri\u00f3n, Nora Correas, Casimiro Domingo, Raquel Forner, Ricardo Garabito, Edgardo Gim\u00e9nez, Juan Grela, Aid Herrera, Lido Iacopetti, Marcelo Pombo, Juan Tessi<\/span><\/p><p><b>Guest Artist:<\/b><span style=\"font-weight: 400;\"> Florencia B\u00f6htlingk<br \/><\/span><b>Curated by:<\/b><span style=\"font-weight: 400;\"> Alejandra Aguado<br \/><\/span><b>Curatorial Assistance:<\/b><span style=\"font-weight: 400;\"> Rodrigo Barcos<br \/><\/span><b>Exhibition Design:<\/b><span style=\"font-weight: 400;\"> Daniela Thomas and Felipe Tassara in collaboration with Iv\u00e1n R\u00f6sler<br \/><\/span><b>Production<\/b><span style=\"font-weight: 400;\">: Edgar Lacombe<\/span><\/p>\t\t\t\t\t\t\t\t<\/div>\n\t\t\t\t<\/div>\n\t\t\t\t\t<\/div>\n\t\t<\/div>\n\t\t\t\t\t<\/div>\n\t\t<\/section>\n\t\t\t\t<section class=\"elementor-section elementor-top-section elementor-element elementor-element-cefcd13 elementor-section-boxed elementor-section-height-default elementor-section-height-default\" data-id=\"cefcd13\" data-element_type=\"section\" data-e-type=\"section\">\n\t\t\t\t\t\t<div class=\"elementor-container elementor-column-gap-default\">\n\t\t\t\t\t<div class=\"elementor-column elementor-col-100 elementor-top-column elementor-element elementor-element-b15bb62\" data-id=\"b15bb62\" data-element_type=\"column\" data-e-type=\"column\">\n\t\t\t<div class=\"elementor-widget-wrap elementor-element-populated\">\n\t\t\t\t\t\t<div class=\"elementor-element elementor-element-c816be2 elementor-widget elementor-widget-gallery\" data-id=\"c816be2\" data-element_type=\"widget\" data-e-type=\"widget\" data-settings=\"{&quot;columns&quot;:3,&quot;image_hover_animation&quot;:&quot;shrink-contained&quot;,&quot;lazyload&quot;:&quot;yes&quot;,&quot;gallery_layout&quot;:&quot;grid&quot;,&quot;columns_tablet&quot;:2,&quot;columns_mobile&quot;:1,&quot;gap&quot;:{&quot;unit&quot;:&quot;px&quot;,&quot;size&quot;:10,&quot;sizes&quot;:[]},&quot;gap_tablet&quot;:{&quot;unit&quot;:&quot;px&quot;,&quot;size&quot;:10,&quot;sizes&quot;:[]},&quot;gap_mobile&quot;:{&quot;unit&quot;:&quot;px&quot;,&quot;size&quot;:10,&quot;sizes&quot;:[]},&quot;link_to&quot;:&quot;file&quot;,&quot;aspect_ratio&quot;:&quot;3:2&quot;,&quot;overlay_background&quot;:&quot;yes&quot;,&quot;content_hover_animation&quot;:&quot;fade-in&quot;}\" data-widget_type=\"gallery.default\">\n\t\t\t\t<div class=\"elementor-widget-container\">\n\t\t\t\t\t\t\t<div class=\"elementor-gallery__container\">\n\t\t\t\t\t\t\t<a class=\"e-gallery-item elementor-gallery-item elementor-animated-content\" href=\"https:\/\/museomoderno.org\/wp-content\/uploads\/2023\/07\/T3A8937.jpg\" data-elementor-open-lightbox=\"yes\" data-elementor-lightbox-slideshow=\"c816be2\" data-elementor-lightbox-title=\"_T3A8937\" data-e-action-hash=\"#elementor-action%3Aaction%3Dlightbox%26settings%3DeyJpZCI6MzQwMjYsInVybCI6Imh0dHBzOlwvXC9tdXNlb21vZGVybm8ub3JnXC93cC1jb250ZW50XC91cGxvYWRzXC8yMDIzXC8wN1wvVDNBODkzNy5qcGciLCJzbGlkZXNob3ciOiJjODE2YmUyIn0%3D\">\n\t\t\t\t\t<div class=\"e-gallery-image elementor-gallery-item__image\" data-thumbnail=\"https:\/\/museomoderno.org\/wp-content\/uploads\/2023\/07\/T3A8937.jpg\" data-width=\"1200\" data-height=\"800\" aria-label=\"\" role=\"img\" ><\/div>\n\t\t\t\t\t\t\t\t\t\t\t<div class=\"elementor-gallery-item__overlay\"><\/div>\n\t\t\t\t\t\t\t\t\t\t\t\t\t\t<\/a>\n\t\t\t\t\t\t\t<a class=\"e-gallery-item elementor-gallery-item elementor-animated-content\" href=\"https:\/\/museomoderno.org\/wp-content\/uploads\/2023\/07\/T3A9087.jpg\" data-elementor-open-lightbox=\"yes\" data-elementor-lightbox-slideshow=\"c816be2\" data-elementor-lightbox-title=\"_T3A9087\" data-e-action-hash=\"#elementor-action%3Aaction%3Dlightbox%26settings%3DeyJpZCI6MzQwMjgsInVybCI6Imh0dHBzOlwvXC9tdXNlb21vZGVybm8ub3JnXC93cC1jb250ZW50XC91cGxvYWRzXC8yMDIzXC8wN1wvVDNBOTA4Ny5qcGciLCJzbGlkZXNob3ciOiJjODE2YmUyIn0%3D\">\n\t\t\t\t\t<div class=\"e-gallery-image elementor-gallery-item__image\" data-thumbnail=\"https:\/\/museomoderno.org\/wp-content\/uploads\/2023\/07\/T3A9087.jpg\" data-width=\"1200\" data-height=\"800\" aria-label=\"\" role=\"img\" ><\/div>\n\t\t\t\t\t\t\t\t\t\t\t<div class=\"elementor-gallery-item__overlay\"><\/div>\n\t\t\t\t\t\t\t\t\t\t\t\t\t\t<\/a>\n\t\t\t\t\t\t\t<a class=\"e-gallery-item elementor-gallery-item elementor-animated-content\" href=\"https:\/\/museomoderno.org\/wp-content\/uploads\/2023\/07\/T3A9896.jpg\" data-elementor-open-lightbox=\"yes\" data-elementor-lightbox-slideshow=\"c816be2\" data-elementor-lightbox-title=\"_T3A9896\" data-e-action-hash=\"#elementor-action%3Aaction%3Dlightbox%26settings%3DeyJpZCI6MzQwMzAsInVybCI6Imh0dHBzOlwvXC9tdXNlb21vZGVybm8ub3JnXC93cC1jb250ZW50XC91cGxvYWRzXC8yMDIzXC8wN1wvVDNBOTg5Ni5qcGciLCJzbGlkZXNob3ciOiJjODE2YmUyIn0%3D\">\n\t\t\t\t\t<div class=\"e-gallery-image elementor-gallery-item__image\" data-thumbnail=\"https:\/\/museomoderno.org\/wp-content\/uploads\/2023\/07\/T3A9896.jpg\" data-width=\"1200\" data-height=\"800\" aria-label=\"\" role=\"img\" ><\/div>\n\t\t\t\t\t\t\t\t\t\t\t<div class=\"elementor-gallery-item__overlay\"><\/div>\n\t\t\t\t\t\t\t\t\t\t\t\t\t\t<\/a>\n\t\t\t\t\t\t\t<a class=\"e-gallery-item elementor-gallery-item elementor-animated-content\" href=\"https:\/\/museomoderno.org\/wp-content\/uploads\/2023\/07\/T3A9907.jpg\" data-elementor-open-lightbox=\"yes\" data-elementor-lightbox-slideshow=\"c816be2\" data-elementor-lightbox-title=\"_T3A9907\" data-e-action-hash=\"#elementor-action%3Aaction%3Dlightbox%26settings%3DeyJpZCI6MzQwMzIsInVybCI6Imh0dHBzOlwvXC9tdXNlb21vZGVybm8ub3JnXC93cC1jb250ZW50XC91cGxvYWRzXC8yMDIzXC8wN1wvVDNBOTkwNy5qcGciLCJzbGlkZXNob3ciOiJjODE2YmUyIn0%3D\">\n\t\t\t\t\t<div class=\"e-gallery-image elementor-gallery-item__image\" data-thumbnail=\"https:\/\/museomoderno.org\/wp-content\/uploads\/2023\/07\/T3A9907.jpg\" data-width=\"1200\" data-height=\"781\" aria-label=\"\" role=\"img\" ><\/div>\n\t\t\t\t\t\t\t\t\t\t\t<div class=\"elementor-gallery-item__overlay\"><\/div>\n\t\t\t\t\t\t\t\t\t\t\t\t\t\t<\/a>\n\t\t\t\t\t\t\t<a class=\"e-gallery-item elementor-gallery-item elementor-animated-content\" href=\"https:\/\/museomoderno.org\/wp-content\/uploads\/2023\/07\/T3A9919.jpg\" data-elementor-open-lightbox=\"yes\" data-elementor-lightbox-slideshow=\"c816be2\" data-elementor-lightbox-title=\"_T3A9919\" data-e-action-hash=\"#elementor-action%3Aaction%3Dlightbox%26settings%3DeyJpZCI6MzQwMzQsInVybCI6Imh0dHBzOlwvXC9tdXNlb21vZGVybm8ub3JnXC93cC1jb250ZW50XC91cGxvYWRzXC8yMDIzXC8wN1wvVDNBOTkxOS5qcGciLCJzbGlkZXNob3ciOiJjODE2YmUyIn0%3D\">\n\t\t\t\t\t<div class=\"e-gallery-image elementor-gallery-item__image\" data-thumbnail=\"https:\/\/museomoderno.org\/wp-content\/uploads\/2023\/07\/T3A9919.jpg\" data-width=\"1200\" data-height=\"800\" aria-label=\"\" role=\"img\" ><\/div>\n\t\t\t\t\t\t\t\t\t\t\t<div class=\"elementor-gallery-item__overlay\"><\/div>\n\t\t\t\t\t\t\t\t\t\t\t\t\t\t<\/a>\n\t\t\t\t\t\t\t<a class=\"e-gallery-item elementor-gallery-item elementor-animated-content\" href=\"https:\/\/museomoderno.org\/wp-content\/uploads\/2023\/07\/T3A9923.jpg\" data-elementor-open-lightbox=\"yes\" data-elementor-lightbox-slideshow=\"c816be2\" data-elementor-lightbox-title=\"_T3A9923\" data-e-action-hash=\"#elementor-action%3Aaction%3Dlightbox%26settings%3DeyJpZCI6MzQwMzYsInVybCI6Imh0dHBzOlwvXC9tdXNlb21vZGVybm8ub3JnXC93cC1jb250ZW50XC91cGxvYWRzXC8yMDIzXC8wN1wvVDNBOTkyMy5qcGciLCJzbGlkZXNob3ciOiJjODE2YmUyIn0%3D\">\n\t\t\t\t\t<div class=\"e-gallery-image elementor-gallery-item__image\" data-thumbnail=\"https:\/\/museomoderno.org\/wp-content\/uploads\/2023\/07\/T3A9923.jpg\" data-width=\"1200\" data-height=\"800\" aria-label=\"\" role=\"img\" ><\/div>\n\t\t\t\t\t\t\t\t\t\t\t<div class=\"elementor-gallery-item__overlay\"><\/div>\n\t\t\t\t\t\t\t\t\t\t\t\t\t\t<\/a>\n\t\t\t\t\t<\/div>\n\t\t\t\t\t<\/div>\n\t\t\t\t<\/div>\n\t\t\t\t\t<\/div>\n\t\t<\/div>\n\t\t\t\t\t<\/div>\n\t\t<\/section>\n\t\t<div class=\"elementor-element elementor-element-8f37a9e e-flex e-con-boxed e-con e-parent\" data-id=\"8f37a9e\" data-element_type=\"container\" data-e-type=\"container\">\n\t\t\t\t\t<div class=\"e-con-inner\">\n\t\t\t\t<div class=\"elementor-element elementor-element-6d9e96e elementor-widget-divider--view-line elementor-widget elementor-widget-divider\" data-id=\"6d9e96e\" data-element_type=\"widget\" data-e-type=\"widget\" data-widget_type=\"divider.default\">\n\t\t\t\t<div class=\"elementor-widget-container\">\n\t\t\t\t\t\t\t<div class=\"elementor-divider\">\n\t\t\t<span class=\"elementor-divider-separator\">\n\t\t\t\t\t\t<\/span>\n\t\t<\/div>\n\t\t\t\t\t\t<\/div>\n\t\t\t\t<\/div>\n\t\t\t\t\t<\/div>\n\t\t\t\t<\/div>\n\t\t<div class=\"elementor-element elementor-element-8c886dc e-flex e-con-boxed e-con e-parent\" data-id=\"8c886dc\" data-element_type=\"container\" data-e-type=\"container\">\n\t\t\t\t\t<div class=\"e-con-inner\">\n\t\t\t\t<div class=\"elementor-element elementor-element-1a19071 elementor-widget elementor-widget-text-editor\" data-id=\"1a19071\" data-element_type=\"widget\" data-e-type=\"widget\" data-widget_type=\"text-editor.default\">\n\t\t\t\t<div class=\"elementor-widget-container\">\n\t\t\t\t\t\t\t\t\t<p><span style=\"font-weight: 400;\">With my art, I denounce the antagonism between Nature and Civilisation.<\/span><span style=\"font-weight: 400;\"><br \/><\/span><span style=\"font-weight: 400;\">That is why I colour my body, my sex and the waters of the world.<\/span><span style=\"font-weight: 400;\"><br \/><\/span><span style=\"font-weight: 400;\">The most developed countries are in the process of destroying the water, land and air, the reserves of the future in Latin American countries.<\/span><\/p><p><span style=\"font-weight: 400;\">Excerpt from \u201cManifiesto verde\u201d [\u201cGreen Manifesto\u201d] (1971), by Nicol\u00e1s Garc\u00eda Uriburu.<\/span><\/p>\t\t\t\t\t\t\t\t<\/div>\n\t\t\t\t<\/div>\n\t\t\t\t<div class=\"elementor-element elementor-element-c05cc80 elementor-widget-divider--view-line elementor-widget elementor-widget-divider\" data-id=\"c05cc80\" data-element_type=\"widget\" data-e-type=\"widget\" data-widget_type=\"divider.default\">\n\t\t\t\t<div class=\"elementor-widget-container\">\n\t\t\t\t\t\t\t<div class=\"elementor-divider\">\n\t\t\t<span class=\"elementor-divider-separator\">\n\t\t\t\t\t\t<\/span>\n\t\t<\/div>\n\t\t\t\t\t\t<\/div>\n\t\t\t\t<\/div>\n\t\t\t\t\t<\/div>\n\t\t\t\t<\/div>\n\t\t<div class=\"elementor-element elementor-element-ae95187 e-flex e-con-boxed e-con e-parent\" data-id=\"ae95187\" data-element_type=\"container\" data-e-type=\"container\">\n\t\t\t\t\t<div class=\"e-con-inner\">\n\t\t\t\t<div class=\"elementor-element elementor-element-e739775 elementor-widget elementor-widget-heading\" data-id=\"e739775\" data-element_type=\"widget\" data-e-type=\"widget\" data-widget_type=\"heading.default\">\n\t\t\t\t<div class=\"elementor-widget-container\">\n\t\t\t\t\t<h4 class=\"elementor-heading-title elementor-size-default\">The Factory<\/h4>\t\t\t\t<\/div>\n\t\t\t\t<\/div>\n\t\t\t\t\t<\/div>\n\t\t\t\t<\/div>\n\t\t<div class=\"elementor-element elementor-element-2420f34 e-flex e-con-boxed e-con e-parent\" data-id=\"2420f34\" data-element_type=\"container\" data-e-type=\"container\">\n\t\t\t\t\t<div class=\"e-con-inner\">\n\t\t\t\t<div class=\"elementor-element elementor-element-a600462 elementor-widget elementor-widget-video\" data-id=\"a600462\" data-element_type=\"widget\" data-e-type=\"widget\" data-settings=\"{&quot;youtube_url&quot;:&quot;https:\\\/\\\/www.youtube.com\\\/watch?v=uOnCA44_19Y&quot;,&quot;video_type&quot;:&quot;youtube&quot;,&quot;controls&quot;:&quot;yes&quot;}\" data-widget_type=\"video.default\">\n\t\t\t\t<div class=\"elementor-widget-container\">\n\t\t\t\t\t\t\t<div class=\"elementor-wrapper elementor-open-inline\">\n\t\t\t<div class=\"elementor-video\"><\/div>\t\t<\/div>\n\t\t\t\t\t\t<\/div>\n\t\t\t\t<\/div>\n\t\t\t\t\t<\/div>\n\t\t\t\t<\/div>\n\t\t<div class=\"elementor-element elementor-element-d8d8005 e-flex e-con-boxed e-con e-parent\" data-id=\"d8d8005\" data-element_type=\"container\" data-e-type=\"container\">\n\t\t\t\t\t<div class=\"e-con-inner\">\n\t\t\t\t<div class=\"elementor-element elementor-element-9adb231 elementor-widget-divider--view-line elementor-widget elementor-widget-divider\" data-id=\"9adb231\" data-element_type=\"widget\" data-e-type=\"widget\" data-widget_type=\"divider.default\">\n\t\t\t\t<div class=\"elementor-widget-container\">\n\t\t\t\t\t\t\t<div class=\"elementor-divider\">\n\t\t\t<span class=\"elementor-divider-separator\">\n\t\t\t\t\t\t<\/span>\n\t\t<\/div>\n\t\t\t\t\t\t<\/div>\n\t\t\t\t<\/div>\n\t\t\t\t\t<\/div>\n\t\t\t\t<\/div>\n\t\t<div class=\"elementor-element elementor-element-701d47b e-flex e-con-boxed e-con e-parent\" data-id=\"701d47b\" data-element_type=\"container\" data-e-type=\"container\">\n\t\t\t\t\t<div class=\"e-con-inner\">\n\t\t\t\t<div class=\"elementor-element elementor-element-11215f3 elementor-widget elementor-widget-heading\" data-id=\"11215f3\" data-element_type=\"widget\" data-e-type=\"widget\" data-widget_type=\"heading.default\">\n\t\t\t\t<div class=\"elementor-widget-container\">\n\t\t\t\t\t<h4 class=\"elementor-heading-title elementor-size-default\">Portrait - Juan Tessi<\/h4>\t\t\t\t<\/div>\n\t\t\t\t<\/div>\n\t\t\t\t<div class=\"elementor-element elementor-element-9369f5e elementor-widget elementor-widget-text-editor\" data-id=\"9369f5e\" data-element_type=\"widget\" data-e-type=\"widget\" data-widget_type=\"text-editor.default\">\n\t\t\t\t<div class=\"elementor-widget-container\">\n\t\t\t\t\t\t\t\t\t<p><span style=\"font-weight: 400;\">Today we get to know Juan Tessi (Lima, 1972), an artist who works mainly in painting, exploring the possibilities and limits of pictorial language. He has participated in numerous solo and group exhibitions in various countries around the world. In his paintings, Tessi weaves reflections on pressing issues (the body, identity, our connection to our environment), using pictorial tools, playing with the painting\u2019s surface, its relationship with the outside, and with different materials and mounts, which he combines with elegance and intelligence. In <\/span><i><span style=\"font-weight: 400;\">Manifiesto verde <\/span><\/i><span style=\"font-weight: 400;\">[<\/span><i><span style=\"font-weight: 400;\">Green Manifesto<\/span><\/i><span style=\"font-weight: 400;\">], the exhibition at the Moderno that celebrates art as a fundamental tool for discovering the power of the Earth and nature, Juan Tessi participates with two series of works. In one, abstractions in oil on canvas evoke natural landscapes; in the other, Tessi uses linen as a mount, on which he places figures rehearsing various body postures in response to their environment.<\/span><\/p>\t\t\t\t\t\t\t\t<\/div>\n\t\t\t\t<\/div>\n\t\t\t\t\t<\/div>\n\t\t\t\t<\/div>\n\t\t<div class=\"elementor-element elementor-element-671dfa9 e-flex e-con-boxed e-con e-parent\" data-id=\"671dfa9\" data-element_type=\"container\" data-e-type=\"container\">\n\t\t\t\t\t<div class=\"e-con-inner\">\n\t\t\t\t<div class=\"elementor-element elementor-element-ea4c5ec elementor-widget elementor-widget-video\" data-id=\"ea4c5ec\" data-element_type=\"widget\" data-e-type=\"widget\" data-settings=\"{&quot;youtube_url&quot;:&quot;https:\\\/\\\/www.youtube.com\\\/watch?v=T4MlussivV8&quot;,&quot;video_type&quot;:&quot;youtube&quot;,&quot;controls&quot;:&quot;yes&quot;}\" data-widget_type=\"video.default\">\n\t\t\t\t<div class=\"elementor-widget-container\">\n\t\t\t\t\t\t\t<div class=\"elementor-wrapper elementor-open-inline\">\n\t\t\t<div class=\"elementor-video\"><\/div>\t\t<\/div>\n\t\t\t\t\t\t<\/div>\n\t\t\t\t<\/div>\n\t\t\t\t<div class=\"elementor-element elementor-element-c97b8c5 elementor-widget-divider--view-line elementor-widget elementor-widget-divider\" data-id=\"c97b8c5\" data-element_type=\"widget\" data-e-type=\"widget\" data-widget_type=\"divider.default\">\n\t\t\t\t<div class=\"elementor-widget-container\">\n\t\t\t\t\t\t\t<div class=\"elementor-divider\">\n\t\t\t<span class=\"elementor-divider-separator\">\n\t\t\t\t\t\t<\/span>\n\t\t<\/div>\n\t\t\t\t\t\t<\/div>\n\t\t\t\t<\/div>\n\t\t\t\t\t<\/div>\n\t\t\t\t<\/div>\n\t\t<div class=\"elementor-element elementor-element-dac1fb7 e-flex e-con-boxed e-con e-parent\" data-id=\"dac1fb7\" data-element_type=\"container\" data-e-type=\"container\">\n\t\t\t\t\t<div class=\"e-con-inner\">\n\t\t\t\t<div class=\"elementor-element elementor-element-4f8f5a8 elementor-widget elementor-widget-heading\" data-id=\"4f8f5a8\" data-element_type=\"widget\" data-e-type=\"widget\" data-widget_type=\"heading.default\">\n\t\t\t\t<div class=\"elementor-widget-container\">\n\t\t\t\t\t<h4 class=\"elementor-heading-title elementor-size-default\">Public Programmes: The Garden<\/h4>\t\t\t\t<\/div>\n\t\t\t\t<\/div>\n\t\t\t\t<div class=\"elementor-element elementor-element-45bc9a3 elementor-widget elementor-widget-video\" data-id=\"45bc9a3\" data-element_type=\"widget\" data-e-type=\"widget\" data-settings=\"{&quot;youtube_url&quot;:&quot;https:\\\/\\\/www.youtube.com\\\/watch?v=uANzN8fiC9E&quot;,&quot;video_type&quot;:&quot;youtube&quot;,&quot;controls&quot;:&quot;yes&quot;}\" data-widget_type=\"video.default\">\n\t\t\t\t<div class=\"elementor-widget-container\">\n\t\t\t\t\t\t\t<div class=\"elementor-wrapper elementor-open-inline\">\n\t\t\t<div class=\"elementor-video\"><\/div>\t\t<\/div>\n\t\t\t\t\t\t<\/div>\n\t\t\t\t<\/div>\n\t\t\t\t\t<\/div>\n\t\t\t\t<\/div>\n\t\t<div class=\"elementor-element elementor-element-100c2a5 e-flex e-con-boxed e-con e-parent\" data-id=\"100c2a5\" data-element_type=\"container\" data-e-type=\"container\">\n\t\t\t\t\t<div class=\"e-con-inner\">\n\t\t\t\t<div class=\"elementor-element elementor-element-d63bf55 elementor-widget-divider--view-line elementor-widget elementor-widget-divider\" data-id=\"d63bf55\" data-element_type=\"widget\" data-e-type=\"widget\" data-widget_type=\"divider.default\">\n\t\t\t\t<div class=\"elementor-widget-container\">\n\t\t\t\t\t\t\t<div class=\"elementor-divider\">\n\t\t\t<span class=\"elementor-divider-separator\">\n\t\t\t\t\t\t<\/span>\n\t\t<\/div>\n\t\t\t\t\t\t<\/div>\n\t\t\t\t<\/div>\n\t\t\t\t\t<\/div>\n\t\t\t\t<\/div>\n\t\t<div class=\"elementor-element elementor-element-649d2f6 e-flex e-con-boxed e-con e-parent\" data-id=\"649d2f6\" data-element_type=\"container\" data-e-type=\"container\">\n\t\t\t\t\t<div class=\"e-con-inner\">\n\t\t\t\t<div class=\"elementor-element elementor-element-3cf3ecf elementor-widget elementor-widget-heading\" data-id=\"3cf3ecf\" data-element_type=\"widget\" data-e-type=\"widget\" data-widget_type=\"heading.default\">\n\t\t\t\t<div class=\"elementor-widget-container\">\n\t\t\t\t\t<h4 class=\"elementor-heading-title elementor-size-default\">Public Programmes<\/h4>\t\t\t\t<\/div>\n\t\t\t\t<\/div>\n\t\t\t\t<div class=\"elementor-element elementor-element-4a3d9c2 elementor-widget elementor-widget-video\" data-id=\"4a3d9c2\" data-element_type=\"widget\" data-e-type=\"widget\" data-settings=\"{&quot;youtube_url&quot;:&quot;https:\\\/\\\/www.youtube.com\\\/watch?v=S1rlBmAs_7k&quot;,&quot;video_type&quot;:&quot;youtube&quot;,&quot;controls&quot;:&quot;yes&quot;}\" data-widget_type=\"video.default\">\n\t\t\t\t<div class=\"elementor-widget-container\">\n\t\t\t\t\t\t\t<div class=\"elementor-wrapper elementor-open-inline\">\n\t\t\t<div class=\"elementor-video\"><\/div>\t\t<\/div>\n\t\t\t\t\t\t<\/div>\n\t\t\t\t<\/div>\n\t\t\t\t\t<\/div>\n\t\t\t\t<\/div>\n\t\t<div class=\"elementor-element elementor-element-3e21621 e-flex e-con-boxed e-con e-parent\" data-id=\"3e21621\" data-element_type=\"container\" data-e-type=\"container\">\n\t\t\t\t\t<div class=\"e-con-inner\">\n\t\t\t\t<div class=\"elementor-element elementor-element-d92b187 elementor-widget-divider--view-line elementor-widget elementor-widget-divider\" data-id=\"d92b187\" data-element_type=\"widget\" data-e-type=\"widget\" data-widget_type=\"divider.default\">\n\t\t\t\t<div class=\"elementor-widget-container\">\n\t\t\t\t\t\t\t<div class=\"elementor-divider\">\n\t\t\t<span class=\"elementor-divider-separator\">\n\t\t\t\t\t\t<\/span>\n\t\t<\/div>\n\t\t\t\t\t\t<\/div>\n\t\t\t\t<\/div>\n\t\t\t\t\t<\/div>\n\t\t\t\t<\/div>\n\t\t<div class=\"elementor-element elementor-element-0d3bd7f e-flex e-con-boxed e-con e-parent\" data-id=\"0d3bd7f\" data-element_type=\"container\" data-e-type=\"container\">\n\t\t\t\t\t<div class=\"e-con-inner\">\n\t\t\t\t<div class=\"elementor-element elementor-element-1c1120c elementor-widget elementor-widget-heading\" data-id=\"1c1120c\" data-element_type=\"widget\" data-e-type=\"widget\" data-widget_type=\"heading.default\">\n\t\t\t\t<div class=\"elementor-widget-container\">\n\t\t\t\t\t<h4 class=\"elementor-heading-title elementor-size-default\">Zoom In<\/h4>\t\t\t\t<\/div>\n\t\t\t\t<\/div>\n\t\t\t\t\t<\/div>\n\t\t\t\t<\/div>\n\t\t<div class=\"elementor-element elementor-element-73c93e3 e-flex e-con-boxed e-con e-parent\" data-id=\"73c93e3\" data-element_type=\"container\" data-e-type=\"container\">\n\t\t\t\t\t<div class=\"e-con-inner\">\n\t\t\t\t<div class=\"elementor-element elementor-element-6cc166d elementor-widget elementor-widget-image\" data-id=\"6cc166d\" data-element_type=\"widget\" data-e-type=\"widget\" data-widget_type=\"image.default\">\n\t\t\t\t<div class=\"elementor-widget-container\">\n\t\t\t\t\t\t\t\t\t\t\t\t\t\t\t\t<a href=\"https:\/\/youtube.com\/shorts\/6mk-YQs1fbw\" target=\"_blank\" rel=\"noopener\">\n\t\t\t\t\t\t\t<img fetchpriority=\"high\" decoding=\"async\" width=\"800\" height=\"297\" src=\"https:\/\/museomoderno.org\/wp-content\/uploads\/2023\/05\/Plano-detalle-garabitop.jpg\" class=\"attachment-large size-large wp-image-41689\" alt=\"\" srcset=\"https:\/\/museomoderno.org\/wp-content\/uploads\/2023\/05\/Plano-detalle-garabitop.jpg 1024w, https:\/\/museomoderno.org\/wp-content\/uploads\/2023\/05\/Plano-detalle-garabitop-300x111.jpg 300w, https:\/\/museomoderno.org\/wp-content\/uploads\/2023\/05\/Plano-detalle-garabitop-768x285.jpg 768w\" sizes=\"(max-width: 800px) 100vw, 800px\" \/>\t\t\t\t\t\t\t\t<\/a>\n\t\t\t\t\t\t\t\t\t\t\t\t\t\t\t<\/div>\n\t\t\t\t<\/div>\n\t\t\t\t<div class=\"elementor-element elementor-element-5298c46 elementor-widget elementor-widget-image\" data-id=\"5298c46\" data-element_type=\"widget\" data-e-type=\"widget\" data-widget_type=\"image.default\">\n\t\t\t\t<div class=\"elementor-widget-container\">\n\t\t\t\t\t\t\t\t\t\t\t\t\t\t\t\t<a href=\"https:\/\/youtube.com\/shorts\/1q8JusTxmAQ\" target=\"_blank\" rel=\"noopener\">\n\t\t\t\t\t\t\t<img decoding=\"async\" width=\"800\" height=\"297\" src=\"https:\/\/museomoderno.org\/wp-content\/uploads\/2023\/05\/Mele-bruniard-plano-detalle.jpg\" class=\"attachment-large size-large wp-image-41687\" alt=\"\" srcset=\"https:\/\/museomoderno.org\/wp-content\/uploads\/2023\/05\/Mele-bruniard-plano-detalle.jpg 1024w, https:\/\/museomoderno.org\/wp-content\/uploads\/2023\/05\/Mele-bruniard-plano-detalle-300x111.jpg 300w, https:\/\/museomoderno.org\/wp-content\/uploads\/2023\/05\/Mele-bruniard-plano-detalle-768x285.jpg 768w\" sizes=\"(max-width: 800px) 100vw, 800px\" \/>\t\t\t\t\t\t\t\t<\/a>\n\t\t\t\t\t\t\t\t\t\t\t\t\t\t\t<\/div>\n\t\t\t\t<\/div>\n\t\t\t\t<div class=\"elementor-element elementor-element-d16c1ec elementor-widget elementor-widget-image\" data-id=\"d16c1ec\" data-element_type=\"widget\" data-e-type=\"widget\" data-widget_type=\"image.default\">\n\t\t\t\t<div class=\"elementor-widget-container\">\n\t\t\t\t\t\t\t\t\t\t\t\t\t\t\t\t<a href=\"https:\/\/youtube.com\/shorts\/brijHrdcOx0\" target=\"_blank\" rel=\"noopener\">\n\t\t\t\t\t\t\t<img decoding=\"async\" width=\"800\" height=\"297\" src=\"https:\/\/museomoderno.org\/wp-content\/uploads\/2023\/05\/Plano-Detalle-Florencia-bot.jpg\" class=\"attachment-large size-large wp-image-40720\" alt=\"\" srcset=\"https:\/\/museomoderno.org\/wp-content\/uploads\/2023\/05\/Plano-Detalle-Florencia-bot.jpg 1024w, https:\/\/museomoderno.org\/wp-content\/uploads\/2023\/05\/Plano-Detalle-Florencia-bot-300x111.jpg 300w, https:\/\/museomoderno.org\/wp-content\/uploads\/2023\/05\/Plano-Detalle-Florencia-bot-768x285.jpg 768w\" sizes=\"(max-width: 800px) 100vw, 800px\" \/>\t\t\t\t\t\t\t\t<\/a>\n\t\t\t\t\t\t\t\t\t\t\t\t\t\t\t<\/div>\n\t\t\t\t<\/div>\n\t\t\t\t<div class=\"elementor-element elementor-element-912801b elementor-widget elementor-widget-image\" data-id=\"912801b\" data-element_type=\"widget\" data-e-type=\"widget\" data-widget_type=\"image.default\">\n\t\t\t\t<div class=\"elementor-widget-container\">\n\t\t\t\t\t\t\t\t\t\t\t\t\t\t\t\t<a href=\"https:\/\/www.youtube.com\/shorts\/-Zsv2ePNQ2I\" target=\"_blank\" rel=\"noopener\">\n\t\t\t\t\t\t\t<img loading=\"lazy\" decoding=\"async\" width=\"800\" height=\"297\" src=\"https:\/\/museomoderno.org\/wp-content\/uploads\/2023\/05\/Marcelo-Pombo-plano-detalle-1024x380.jpg\" class=\"attachment-large size-large wp-image-38509\" alt=\"\" srcset=\"https:\/\/museomoderno.org\/wp-content\/uploads\/2023\/05\/Marcelo-Pombo-plano-detalle-1024x380.jpg 1024w, https:\/\/museomoderno.org\/wp-content\/uploads\/2023\/05\/Marcelo-Pombo-plano-detalle-300x111.jpg 300w, https:\/\/museomoderno.org\/wp-content\/uploads\/2023\/05\/Marcelo-Pombo-plano-detalle-768x285.jpg 768w, https:\/\/museomoderno.org\/wp-content\/uploads\/2023\/05\/Marcelo-Pombo-plano-detalle.jpg 1200w\" sizes=\"(max-width: 800px) 100vw, 800px\" \/>\t\t\t\t\t\t\t\t<\/a>\n\t\t\t\t\t\t\t\t\t\t\t\t\t\t\t<\/div>\n\t\t\t\t<\/div>\n\t\t\t\t<div class=\"elementor-element elementor-element-e28b2ea elementor-widget elementor-widget-image\" data-id=\"e28b2ea\" data-element_type=\"widget\" data-e-type=\"widget\" data-widget_type=\"image.default\">\n\t\t\t\t<div class=\"elementor-widget-container\">\n\t\t\t\t\t\t\t\t\t\t\t\t\t\t\t\t<a href=\"https:\/\/www.youtube.com\/shorts\/2GDJCN90lYg\" target=\"_blank\" rel=\"noopener\">\n\t\t\t\t\t\t\t<img loading=\"lazy\" decoding=\"async\" width=\"800\" height=\"297\" src=\"https:\/\/museomoderno.org\/wp-content\/uploads\/2023\/05\/Plano-Detalle-Manifiesto-Verde-3-1024x380.jpg\" class=\"attachment-large size-large wp-image-38536\" alt=\"\" srcset=\"https:\/\/museomoderno.org\/wp-content\/uploads\/2023\/05\/Plano-Detalle-Manifiesto-Verde-3-1024x380.jpg 1024w, https:\/\/museomoderno.org\/wp-content\/uploads\/2023\/05\/Plano-Detalle-Manifiesto-Verde-3-300x111.jpg 300w, https:\/\/museomoderno.org\/wp-content\/uploads\/2023\/05\/Plano-Detalle-Manifiesto-Verde-3-768x285.jpg 768w, https:\/\/museomoderno.org\/wp-content\/uploads\/2023\/05\/Plano-Detalle-Manifiesto-Verde-3.jpg 1200w\" sizes=\"(max-width: 800px) 100vw, 800px\" \/>\t\t\t\t\t\t\t\t<\/a>\n\t\t\t\t\t\t\t\t\t\t\t\t\t\t\t<\/div>\n\t\t\t\t<\/div>\n\t\t\t\t\t<\/div>\n\t\t\t\t<\/div>\n\t\t\t\t<\/div>\n\t\t","protected":false},"excerpt":{"rendered":"<p><b>Pictorial Imaginaries for a World in Crisis. 1940\u20132020<\/b> <\/p>\n<p><b>Location:<\/b> Ground floor (Galleries A and B)<\/p>\n<p><b>Artists:<\/b> Nicol\u00e1s Garc\u00eda Uriburu in dialogue with Luis Fernando Benedit, Florencia B\u00f6htlingk, Mel\u00e9 Bruniard, Juana Butler, Feliciano Centuri\u00f3n, Nora Correas, Casimiro Domingo, Raquel Forner, Ricardo Garabito, Edgardo Gim\u00e9nez, Juan Grela, Aid Herrera, Lido Iacopetti, Marcelo Pombo, Juan Tessi<\/p>\n","protected":false},"featured_media":31941,"template":"","class_list":["post-32995","exposiciones","type-exposiciones","status-publish","has-post-thumbnail","hentry"],"_links":{"self":[{"href":"https:\/\/museomoderno.org\/en\/wp-json\/wp\/v2\/exposiciones\/32995","targetHints":{"allow":["GET"]}}],"collection":[{"href":"https:\/\/museomoderno.org\/en\/wp-json\/wp\/v2\/exposiciones"}],"about":[{"href":"https:\/\/museomoderno.org\/en\/wp-json\/wp\/v2\/types\/exposiciones"}],"version-history":[{"count":39,"href":"https:\/\/museomoderno.org\/en\/wp-json\/wp\/v2\/exposiciones\/32995\/revisions"}],"predecessor-version":[{"id":50005,"href":"https:\/\/museomoderno.org\/en\/wp-json\/wp\/v2\/exposiciones\/32995\/revisions\/50005"}],"wp:featuredmedia":[{"embeddable":true,"href":"https:\/\/museomoderno.org\/en\/wp-json\/wp\/v2\/media\/31941"}],"wp:attachment":[{"href":"https:\/\/museomoderno.org\/en\/wp-json\/wp\/v2\/media?parent=32995"}],"curies":[{"name":"wp","href":"https:\/\/api.w.org\/{rel}","templated":true}]}}