{"id":18762,"date":"2021-11-25T13:44:33","date_gmt":"2021-11-25T16:44:33","guid":{"rendered":"https:\/\/museomoderno.org\/exposiciones\/cotelito-vuelvo-como-un-jardin-despues-del-invierno\/"},"modified":"2024-11-25T14:14:16","modified_gmt":"2024-11-25T17:14:16","slug":"cotelito-vuelvo-como-un-jardin-despues-del-invierno","status":"publish","type":"exposiciones","link":"https:\/\/museomoderno.org\/en\/exhibitions\/cotelito-vuelvo-como-un-jardin-despues-del-invierno\/","title":{"rendered":"Cotelito: I Return Like a Garden After the Winter"},"content":{"rendered":"\t\t<div data-elementor-type=\"wp-post\" data-elementor-id=\"18762\" class=\"elementor elementor-18762 elementor-18733\" data-elementor-post-type=\"exposiciones\">\n\t\t\t\t<div class=\"elementor-element elementor-element-2833e22 e-flex e-con-boxed e-con e-parent\" data-id=\"2833e22\" data-element_type=\"container\" data-e-type=\"container\">\n\t\t\t\t\t<div class=\"e-con-inner\">\n\t\t\t\t<div class=\"elementor-element elementor-element-efe3562 elementor-widget elementor-widget-text-editor\" data-id=\"efe3562\" data-element_type=\"widget\" data-e-type=\"widget\" data-widget_type=\"text-editor.default\">\n\t\t\t\t<div class=\"elementor-widget-container\">\n\t\t\t\t\t\t\t\t\t<p><span style=\"color: #000000;\">A vine sprouts from the walls and envelops the space in the company of friendly creatures. A new, strange but sweet landscape welcomes us into a weird, natural environment. Cotelito has responded to these unprecedented times with an extraterrestrial tale infused with an atmosphere of joy and playfulness.<\/span><\/p><p><span style=\"color: #000000;\">The artist\u2019s visual thinking presents a conception of art as a means of embracing the impossible. Just a year ago, Cotelito held an exhibition called\u00a0<em>Lo que vendr\u00e1 [What is to Come]<\/em>, which included a series of paintings that imagined a future of small, surreal and metaphysical scenes. A repertory of biomorphic figures posed against backgrounds of solitary horizons. In spite of their charming colour and synthetic feel, the images also shared a sense of melancholy. Drop shapes merged with pearls, or a star anis shaped monster, and his characters \u2013 which were not very expressive \u2013 elicited our empathy. At the time, talking about the future was an exercise of the imagination. This winter, reality imposed itself abruptly and we were forced to deal with a newly alienated world. We saw so many images of nature taking back its spaces \u2013 animals wandering free through areas devoid of humans, silent landscapes lacking the usual urban noise \u2013 that it appeared as though fantasy was merging with reality. For the re-opening of the Museo Moderno, we invited the artist to make a mural for the caf\u00e9 and bookshop space.<\/span><\/p><p><span style=\"color: #000000;\">Cotelito takes on the role of medium, returning to some of the characters from that exhibition to create a story in which the institution is the protagonist: he imagines what the museum dreamed this last winter. Represented by the plant, the museum\u2019s thinking expands organically to embrace the different artworks in the galleries, while alien creatures appear to have dropped by for a visit. Some are spinning around, others look at the artworks, their tender visages encouraging us to think of visiting the museum as a relaxing experience. Similarly to the ways in which children interact with the world, the artist places the emphasis on spontaneity to string together different perceptions and stimuli, all equally valid.<\/span><\/p><p><span style=\"color: #000000;\">Cotelito\u2019s artwork thus becomes the first step on the path to well-being, a place where dreams sit innocently side by side with reality. He sees drawing and painting as forms of continuous thought. From the sketches right through to the final mural we can observe the essence of his practice: a belief in an accessible poetic. Spreading across the plane like a creeper, the painting takes over the space, casting shade in the corners to create a garden of grace and elegance.<\/span><\/p><p><b>Curated by: <\/b><span style=\"font-weight: 400;\">Carla Barbero<\/span><\/p>\t\t\t\t\t\t\t\t<\/div>\n\t\t\t\t<\/div>\n\t\t\t\t\t<\/div>\n\t\t\t\t<\/div>\n\t\t\t\t<section class=\"elementor-section elementor-top-section elementor-element elementor-element-196df79 elementor-section-boxed elementor-section-height-default elementor-section-height-default\" data-id=\"196df79\" data-element_type=\"section\" data-e-type=\"section\">\n\t\t\t\t\t\t<div class=\"elementor-container elementor-column-gap-default\">\n\t\t\t\t\t<div class=\"elementor-column elementor-col-100 elementor-top-column elementor-element elementor-element-26b01a9\" data-id=\"26b01a9\" data-element_type=\"column\" data-e-type=\"column\">\n\t\t\t<div class=\"elementor-widget-wrap elementor-element-populated\">\n\t\t\t\t\t\t<div class=\"elementor-element elementor-element-920cca0 elementor-widget elementor-widget-gallery\" data-id=\"920cca0\" data-element_type=\"widget\" data-e-type=\"widget\" data-settings=\"{&quot;columns&quot;:3,&quot;image_hover_animation&quot;:&quot;grow&quot;,&quot;lazyload&quot;:&quot;yes&quot;,&quot;gallery_layout&quot;:&quot;grid&quot;,&quot;columns_tablet&quot;:2,&quot;columns_mobile&quot;:1,&quot;gap&quot;:{&quot;unit&quot;:&quot;px&quot;,&quot;size&quot;:10,&quot;sizes&quot;:[]},&quot;gap_tablet&quot;:{&quot;unit&quot;:&quot;px&quot;,&quot;size&quot;:10,&quot;sizes&quot;:[]},&quot;gap_mobile&quot;:{&quot;unit&quot;:&quot;px&quot;,&quot;size&quot;:10,&quot;sizes&quot;:[]},&quot;link_to&quot;:&quot;file&quot;,&quot;aspect_ratio&quot;:&quot;3:2&quot;,&quot;overlay_background&quot;:&quot;yes&quot;,&quot;content_hover_animation&quot;:&quot;fade-in&quot;}\" data-widget_type=\"gallery.default\">\n\t\t\t\t<div class=\"elementor-widget-container\">\n\t\t\t\t\t\t\t<div class=\"elementor-gallery__container\">\n\t\t\t\t\t\t\t<a class=\"e-gallery-item elementor-gallery-item elementor-animated-content\" href=\"https:\/\/museomoderno.org\/wp-content\/uploads\/2021\/11\/Foto-1.png\" data-elementor-open-lightbox=\"yes\" data-elementor-lightbox-slideshow=\"920cca0\" data-e-action-hash=\"#elementor-action%3Aaction%3Dlightbox%26settings%3DeyJpZCI6MTg3MzcsInVybCI6Imh0dHBzOlwvXC9tdXNlb21vZGVybm8ub3JnXC93cC1jb250ZW50XC91cGxvYWRzXC8yMDIxXC8xMVwvRm90by0xLnBuZyIsInNsaWRlc2hvdyI6IjkyMGNjYTAifQ%3D%3D\">\n\t\t\t\t\t<div class=\"e-gallery-image elementor-gallery-item__image\" data-thumbnail=\"https:\/\/museomoderno.org\/wp-content\/uploads\/2021\/11\/Foto-1.png\" data-width=\"1111\" data-height=\"726\" aria-label=\"\" role=\"img\" ><\/div>\n\t\t\t\t\t\t\t\t\t\t\t<div class=\"elementor-gallery-item__overlay\"><\/div>\n\t\t\t\t\t\t\t\t\t\t\t\t\t\t<\/a>\n\t\t\t\t\t\t\t<a class=\"e-gallery-item elementor-gallery-item elementor-animated-content\" href=\"https:\/\/museomoderno.org\/wp-content\/uploads\/2021\/11\/Foto-2.png\" data-elementor-open-lightbox=\"yes\" data-elementor-lightbox-slideshow=\"920cca0\" data-e-action-hash=\"#elementor-action%3Aaction%3Dlightbox%26settings%3DeyJpZCI6MTg3MzksInVybCI6Imh0dHBzOlwvXC9tdXNlb21vZGVybm8ub3JnXC93cC1jb250ZW50XC91cGxvYWRzXC8yMDIxXC8xMVwvRm90by0yLnBuZyIsInNsaWRlc2hvdyI6IjkyMGNjYTAifQ%3D%3D\">\n\t\t\t\t\t<div class=\"e-gallery-image elementor-gallery-item__image\" data-thumbnail=\"https:\/\/museomoderno.org\/wp-content\/uploads\/2021\/11\/Foto-2.png\" data-width=\"1111\" data-height=\"726\" aria-label=\"\" role=\"img\" ><\/div>\n\t\t\t\t\t\t\t\t\t\t\t<div class=\"elementor-gallery-item__overlay\"><\/div>\n\t\t\t\t\t\t\t\t\t\t\t\t\t\t<\/a>\n\t\t\t\t\t\t\t<a class=\"e-gallery-item elementor-gallery-item elementor-animated-content\" href=\"https:\/\/museomoderno.org\/wp-content\/uploads\/2021\/11\/Foto-3.png\" data-elementor-open-lightbox=\"yes\" data-elementor-lightbox-slideshow=\"920cca0\" data-e-action-hash=\"#elementor-action%3Aaction%3Dlightbox%26settings%3DeyJpZCI6MTg3NDEsInVybCI6Imh0dHBzOlwvXC9tdXNlb21vZGVybm8ub3JnXC93cC1jb250ZW50XC91cGxvYWRzXC8yMDIxXC8xMVwvRm90by0zLnBuZyIsInNsaWRlc2hvdyI6IjkyMGNjYTAifQ%3D%3D\">\n\t\t\t\t\t<div class=\"e-gallery-image elementor-gallery-item__image\" data-thumbnail=\"https:\/\/museomoderno.org\/wp-content\/uploads\/2021\/11\/Foto-3.png\" data-width=\"1111\" data-height=\"726\" aria-label=\"\" role=\"img\" ><\/div>\n\t\t\t\t\t\t\t\t\t\t\t<div class=\"elementor-gallery-item__overlay\"><\/div>\n\t\t\t\t\t\t\t\t\t\t\t\t\t\t<\/a>\n\t\t\t\t\t<\/div>\n\t\t\t\t\t<\/div>\n\t\t\t\t<\/div>\n\t\t\t\t\t<\/div>\n\t\t<\/div>\n\t\t\t\t\t<\/div>\n\t\t<\/section>\n\t\t<div class=\"elementor-element elementor-element-cce06ba e-flex e-con-boxed e-con e-parent\" data-id=\"cce06ba\" data-element_type=\"container\" data-e-type=\"container\">\n\t\t\t\t\t<div class=\"e-con-inner\">\n\t\t\t\t<div class=\"elementor-element elementor-element-a34ae95 elementor-widget elementor-widget-text-editor\" data-id=\"a34ae95\" data-element_type=\"widget\" data-e-type=\"widget\" data-widget_type=\"text-editor.default\">\n\t\t\t\t<div class=\"elementor-widget-container\">\n\t\t\t\t\t\t\t\t\t<p><b>Cotelito<\/b><span style=\"font-weight: 400;\"> (Buenos Aires, 1983) studied Visual Art at the Universidad Nacional de las Artes and took the Artists Programme at the Universidad Torcuato Di Tella. He has held solo exhibitions at different galleries across the city including Moria Galer\u00eda (2018); Piedras Galer\u00eda (2017); Galer\u00eda Atocha, Mundo Dios (2016); Naranja Verde (2014); Rayo Lazer (2014) and the Centro Cultural Recoleta (2010). He won the Stimulus prize at the Sal\u00f3n Nacional de Rosario in 2019 and First Prize in the 12th National Competition for the Visual Arts run by the UADE in 2017. Collective exhibitions in which his work has featured include <em>Geometr\u00eda Pueblo Nuevo<\/em> [<em>New People Geometry<\/em>], Piedras Galer\u00eda (2018); <em>La sonrisa del alma sin dientes<\/em> [<em>My Toothless Smile<\/em>], <em>Alimentaci\u00f3n General<\/em> (2018); Limonale, K\u00fcnstlerhaus Vorwerk-stift, Germany (2018); <em>Cu\u00e1nto dura un minuto<\/em> [<em>The Length of a Minute<\/em>], Museo del Libro y la Lengua (2015); Bienal de arte Joven de la Ciudad de Buenos Aires [City of Buenos Aires Young Art Biennial 2015], and <em>Curriculum 0<\/em>, Galer\u00eda Ruth Benzacar (2008). Since 2010 he has given workshops in experimental drawing in several different spaces for contemporary art. He lives and works in Buenos Aires.<\/span><\/p>\t\t\t\t\t\t\t\t<\/div>\n\t\t\t\t<\/div>\n\t\t\t\t\t<\/div>\n\t\t\t\t<\/div>\n\t\t\t\t<section class=\"elementor-section elementor-top-section elementor-element elementor-element-1b5228d elementor-section-boxed elementor-section-height-default elementor-section-height-default\" data-id=\"1b5228d\" data-element_type=\"section\" data-e-type=\"section\">\n\t\t\t\t\t\t<div class=\"elementor-container elementor-column-gap-default\">\n\t\t\t\t\t<div class=\"elementor-column elementor-col-100 elementor-top-column elementor-element elementor-element-a5f353b\" data-id=\"a5f353b\" data-element_type=\"column\" data-e-type=\"column\">\n\t\t\t<div class=\"elementor-widget-wrap elementor-element-populated\">\n\t\t\t\t\t\t<div class=\"elementor-element elementor-element-ea9beb5 elementor-widget-divider--view-line elementor-widget elementor-widget-divider\" data-id=\"ea9beb5\" data-element_type=\"widget\" data-e-type=\"widget\" data-widget_type=\"divider.default\">\n\t\t\t\t<div class=\"elementor-widget-container\">\n\t\t\t\t\t\t\t<div class=\"elementor-divider\">\n\t\t\t<span class=\"elementor-divider-separator\">\n\t\t\t\t\t\t<\/span>\n\t\t<\/div>\n\t\t\t\t\t\t<\/div>\n\t\t\t\t<\/div>\n\t\t\t\t\t<\/div>\n\t\t<\/div>\n\t\t\t\t\t<\/div>\n\t\t<\/section>\n\t\t<div class=\"elementor-element elementor-element-29dc642 e-flex e-con-boxed e-con e-parent\" data-id=\"29dc642\" data-element_type=\"container\" data-e-type=\"container\">\n\t\t\t\t\t<div class=\"e-con-inner\">\n\t\t\t\t<div class=\"elementor-element elementor-element-8b0551a elementor-widget elementor-widget-video\" data-id=\"8b0551a\" data-element_type=\"widget\" data-e-type=\"widget\" data-settings=\"{&quot;youtube_url&quot;:&quot;https:\\\/\\\/www.youtube.com\\\/watch?v=Kg0H9StIJ6k&quot;,&quot;video_type&quot;:&quot;youtube&quot;,&quot;controls&quot;:&quot;yes&quot;}\" data-widget_type=\"video.default\">\n\t\t\t\t<div class=\"elementor-widget-container\">\n\t\t\t\t\t\t\t<div class=\"elementor-wrapper elementor-open-inline\">\n\t\t\t<div class=\"elementor-video\"><\/div>\t\t<\/div>\n\t\t\t\t\t\t<\/div>\n\t\t\t\t<\/div>\n\t\t\t\t\t<\/div>\n\t\t\t\t<\/div>\n\t\t<div class=\"elementor-element elementor-element-6a2403f e-flex e-con-boxed e-con e-parent\" data-id=\"6a2403f\" data-element_type=\"container\" data-e-type=\"container\">\n\t\t\t\t\t<div class=\"e-con-inner\">\n\t\t\t\t<div class=\"elementor-element elementor-element-659ea0c elementor-widget-divider--view-line elementor-widget elementor-widget-divider\" data-id=\"659ea0c\" data-element_type=\"widget\" data-e-type=\"widget\" data-widget_type=\"divider.default\">\n\t\t\t\t<div class=\"elementor-widget-container\">\n\t\t\t\t\t\t\t<div class=\"elementor-divider\">\n\t\t\t<span class=\"elementor-divider-separator\">\n\t\t\t\t\t\t<\/span>\n\t\t<\/div>\n\t\t\t\t\t\t<\/div>\n\t\t\t\t<\/div>\n\t\t\t\t\t<\/div>\n\t\t\t\t<\/div>\n\t\t\t\t<section class=\"elementor-section elementor-top-section elementor-element elementor-element-52e2ad3 elementor-section-boxed elementor-section-height-default elementor-section-height-default\" data-id=\"52e2ad3\" data-element_type=\"section\" data-e-type=\"section\">\n\t\t\t\t\t\t<div class=\"elementor-container elementor-column-gap-default\">\n\t\t\t\t\t<div class=\"elementor-column elementor-col-100 elementor-top-column elementor-element elementor-element-da95826\" data-id=\"da95826\" data-element_type=\"column\" data-e-type=\"column\">\n\t\t\t<div class=\"elementor-widget-wrap elementor-element-populated\">\n\t\t\t\t\t\t<div class=\"elementor-element elementor-element-70af9be elementor-widget elementor-widget-heading\" data-id=\"70af9be\" data-element_type=\"widget\" data-e-type=\"widget\" data-widget_type=\"heading.default\">\n\t\t\t\t<div class=\"elementor-widget-container\">\n\t\t\t\t\t<h4 class=\"elementor-heading-title elementor-size-default\">5 datos sobre Cotelito<\/h4>\t\t\t\t<\/div>\n\t\t\t\t<\/div>\n\t\t\t\t<div class=\"elementor-element elementor-element-df88c7c elementor-widget elementor-widget-text-editor\" data-id=\"df88c7c\" data-element_type=\"widget\" data-e-type=\"widget\" data-widget_type=\"text-editor.default\">\n\t\t\t\t<div class=\"elementor-widget-container\">\n\t\t\t\t\t\t\t\t\t<p><span style=\"color: #000000;\">Seguimos presentando \u201c5 datos sobre&#8230;\u201d, la propuesta que te invita a descubrir cinco episodios, ane\u0301cdotas y curiosidades sobre la vida y la obra de artistas argentinos.<\/span><\/p><p><span style=\"color: #000000;\">En esta oportunidad, desliza\u0301 para conocer al artista detr\u00e1s de la intervenci\u00f3n <em>Cotelito: Vuelvo como un jard\u00edn despu\u00e9s del invierno<\/em>.<\/span><\/p><p><span style=\"color: #000000;\">\u00bfSab\u00edas que la obra surge de imaginar los sue\u00f1os del museo mientras estuvo cerrado al inicio de la pandemia?<\/span><\/p>\t\t\t\t\t\t\t\t<\/div>\n\t\t\t\t<\/div>\n\t\t\t\t\t<\/div>\n\t\t<\/div>\n\t\t\t\t\t<\/div>\n\t\t<\/section>\n\t\t\t\t<section class=\"elementor-section elementor-top-section elementor-element elementor-element-ba348c1 elementor-section-boxed elementor-section-height-default elementor-section-height-default\" data-id=\"ba348c1\" data-element_type=\"section\" data-e-type=\"section\">\n\t\t\t\t\t\t<div class=\"elementor-container elementor-column-gap-default\">\n\t\t\t\t\t<div class=\"elementor-column elementor-col-100 elementor-top-column elementor-element elementor-element-fb812e0\" data-id=\"fb812e0\" data-element_type=\"column\" data-e-type=\"column\">\n\t\t\t<div class=\"elementor-widget-wrap elementor-element-populated\">\n\t\t\t\t\t\t<div class=\"elementor-element elementor-element-1e4c567 elementor--h-position-center elementor--v-position-middle elementor-arrows-position-inside elementor-pagination-position-inside elementor-widget elementor-widget-slides\" data-id=\"1e4c567\" data-element_type=\"widget\" data-e-type=\"widget\" data-settings=\"{&quot;navigation&quot;:&quot;both&quot;,&quot;autoplay&quot;:&quot;yes&quot;,&quot;pause_on_hover&quot;:&quot;yes&quot;,&quot;pause_on_interaction&quot;:&quot;yes&quot;,&quot;autoplay_speed&quot;:5000,&quot;infinite&quot;:&quot;yes&quot;,&quot;transition&quot;:&quot;slide&quot;,&quot;transition_speed&quot;:500}\" data-widget_type=\"slides.default\">\n\t\t\t\t<div class=\"elementor-widget-container\">\n\t\t\t\t\t\t\t\t\t<div class=\"elementor-swiper\">\n\t\t\t\t\t<div class=\"elementor-slides-wrapper elementor-main-swiper swiper\" role=\"region\" aria-roledescription=\"carousel\" aria-label=\"Slides\" dir=\"ltr\" data-animation=\"fadeInUp\">\n\t\t\t\t<div class=\"swiper-wrapper elementor-slides\">\n\t\t\t\t\t\t\t\t\t\t<div class=\"elementor-repeater-item-b78a6ae swiper-slide\" role=\"group\" aria-roledescription=\"slide\"><div class=\"swiper-slide-bg\" role=\"img\" aria-label=\"Cotelito\"><\/div><div class=\"swiper-slide-inner\" ><div class=\"swiper-slide-contents\"><\/div><\/div><\/div><div class=\"elementor-repeater-item-ee00c68 swiper-slide\" role=\"group\" aria-roledescription=\"slide\"><div class=\"swiper-slide-bg\" role=\"img\" aria-label=\"Cotelito 1\"><\/div><div class=\"swiper-slide-inner\" ><div class=\"swiper-slide-contents\"><\/div><\/div><\/div><div class=\"elementor-repeater-item-f686735 swiper-slide\" role=\"group\" aria-roledescription=\"slide\"><div class=\"swiper-slide-bg\" role=\"img\" aria-label=\"Cotelito 2\"><\/div><div class=\"swiper-slide-inner\" ><div class=\"swiper-slide-contents\"><\/div><\/div><\/div><div class=\"elementor-repeater-item-b147911 swiper-slide\" role=\"group\" aria-roledescription=\"slide\"><div class=\"swiper-slide-bg\" role=\"img\" aria-label=\"Cotelito 3\"><\/div><div class=\"swiper-slide-inner\" ><div class=\"swiper-slide-contents\"><\/div><\/div><\/div><div class=\"elementor-repeater-item-e50d4bc swiper-slide\" role=\"group\" aria-roledescription=\"slide\"><div class=\"swiper-slide-bg\" role=\"img\" aria-label=\"Cotelito 4\"><\/div><div class=\"swiper-slide-inner\" ><div class=\"swiper-slide-contents\"><\/div><\/div><\/div><div class=\"elementor-repeater-item-2de046c swiper-slide\" role=\"group\" aria-roledescription=\"slide\"><div class=\"swiper-slide-bg\" role=\"img\" aria-label=\"Cotelito 5\"><\/div><div class=\"swiper-slide-inner\" ><div class=\"swiper-slide-contents\"><\/div><\/div><\/div>\t\t\t\t<\/div>\n\t\t\t\t\t\t\t\t\t\t\t\t\t\t\t<div class=\"elementor-swiper-button elementor-swiper-button-prev\" role=\"button\" tabindex=\"0\" aria-label=\"Previous slide\">\n\t\t\t\t\t\t\t<i aria-hidden=\"true\" class=\"eicon-chevron-left\"><\/i>\t\t\t\t\t\t<\/div>\n\t\t\t\t\t\t<div class=\"elementor-swiper-button elementor-swiper-button-next\" role=\"button\" tabindex=\"0\" aria-label=\"Next slide\">\n\t\t\t\t\t\t\t<i aria-hidden=\"true\" class=\"eicon-chevron-right\"><\/i>\t\t\t\t\t\t<\/div>\n\t\t\t\t\t\t\t\t\t\t\t\t\t\t\t\t<div class=\"swiper-pagination\"><\/div>\n\t\t\t\t\t\t\t\t\t\t\t\t<\/div>\n\t\t\t\t<\/div>\n\t\t\t\t\t\t\t\t<\/div>\n\t\t\t\t<\/div>\n\t\t\t\t\t<\/div>\n\t\t<\/div>\n\t\t\t\t\t<\/div>\n\t\t<\/section>\n\t\t\t\t<\/div>\n\t\t","protected":false},"excerpt":{"rendered":"<p><b>Location:<\/b> Caf\u00e9 Moderno (Ground floor)<\/p>\n","protected":false},"featured_media":18735,"template":"","class_list":["post-18762","exposiciones","type-exposiciones","status-publish","has-post-thumbnail","hentry"],"_links":{"self":[{"href":"https:\/\/museomoderno.org\/en\/wp-json\/wp\/v2\/exposiciones\/18762","targetHints":{"allow":["GET"]}}],"collection":[{"href":"https:\/\/museomoderno.org\/en\/wp-json\/wp\/v2\/exposiciones"}],"about":[{"href":"https:\/\/museomoderno.org\/en\/wp-json\/wp\/v2\/types\/exposiciones"}],"version-history":[{"count":5,"href":"https:\/\/museomoderno.org\/en\/wp-json\/wp\/v2\/exposiciones\/18762\/revisions"}],"predecessor-version":[{"id":49387,"href":"https:\/\/museomoderno.org\/en\/wp-json\/wp\/v2\/exposiciones\/18762\/revisions\/49387"}],"wp:featuredmedia":[{"embeddable":true,"href":"https:\/\/museomoderno.org\/en\/wp-json\/wp\/v2\/media\/18735"}],"wp:attachment":[{"href":"https:\/\/museomoderno.org\/en\/wp-json\/wp\/v2\/media?parent=18762"}],"curies":[{"name":"wp","href":"https:\/\/api.w.org\/{rel}","templated":true}]}}