{"id":58497,"date":"2026-04-22T12:12:03","date_gmt":"2026-04-22T15:12:03","guid":{"rendered":"https:\/\/museomoderno.org\/?post_type=agenda&#038;p=58497"},"modified":"2026-04-23T14:02:31","modified_gmt":"2026-04-23T17:02:31","slug":"rehecho-textil-reflexiones-sobre-reutilizacion-y-suprarreciclaje-en-el-diseno","status":"publish","type":"agenda","link":"https:\/\/museomoderno.org\/en\/agenda\/rehecho-textil-reflexiones-sobre-reutilizacion-y-suprarreciclaje-en-el-diseno\/","title":{"rendered":"Rehecho textil: reflexiones sobre reutilizaci\u00f3n y suprarreciclaje en el dise\u00f1o"},"content":{"rendered":"\t\t<div data-elementor-type=\"wp-post\" data-elementor-id=\"58497\" class=\"elementor elementor-58497\" data-elementor-post-type=\"agenda\">\n\t\t\t\t<div class=\"elementor-element elementor-element-4df0b8b e-flex e-con-boxed e-con e-parent\" data-id=\"4df0b8b\" data-element_type=\"container\" data-e-type=\"container\">\n\t\t\t\t\t<div class=\"e-con-inner\">\n\t\t\t\t<div class=\"elementor-element elementor-element-8157d00 elementor-widget elementor-widget-heading\" data-id=\"8157d00\" data-element_type=\"widget\" data-e-type=\"widget\" data-widget_type=\"heading.default\">\n\t\t\t\t<div class=\"elementor-widget-container\">\n\t\t\t\t\t<h4 class=\"elementor-heading-title elementor-size-default\">Clase abierta a cargo de la profesora Ver\u00f3nica Sordelli (FADU, UBA)<\/h4>\t\t\t\t<\/div>\n\t\t\t\t<\/div>\n\t\t\t\t\t<\/div>\n\t\t\t\t<\/div>\n\t\t<div class=\"elementor-element elementor-element-1ca380a e-flex e-con-boxed e-con e-parent\" data-id=\"1ca380a\" data-element_type=\"container\" data-e-type=\"container\">\n\t\t\t\t\t<div class=\"e-con-inner\">\n\t\t\t\t<div class=\"elementor-element elementor-element-b2519e2 elementor-widget elementor-widget-text-editor\" data-id=\"b2519e2\" data-element_type=\"widget\" data-e-type=\"widget\" data-widget_type=\"text-editor.default\">\n\t\t\t\t<div class=\"elementor-widget-container\">\n\t\t\t\t\t\t\t\t\t<p><span style=\"font-weight: 400;\">Esta conversaci\u00f3n, dirigida a estudiantes y profesionales abocados al dise\u00f1o, propone un recorrido por aspectos claves de la teor\u00eda proyectual aplicada a la reutilizaci\u00f3n textil, con especial foco en el suprarreciclaje implementado en casos de dise\u00f1o argentino.<br \/><\/span><span style=\"font-weight: 400;\">Se abordar\u00e1n las diferencias entre dise\u00f1o experto y difuso, as\u00ed como la articulaci\u00f3n del dise\u00f1ador, el usuario y la comunidad en un mismo ecosistema.<\/span><\/p><p><span style=\"font-weight: 400;\"><strong>S\u00e1bado 16 de mayo, de 13.30 a 15 h<\/strong><br \/><\/span><span style=\"font-weight: 400;\">Orientado a estudiantes y p\u00fablico general interesado en el dise\u00f1o<br \/><\/span><span style=\"font-weight: 400;\">Auditorio &#8211; Av. San Juan 350 (CABA)<br \/><\/span><strong>Actividad gratuita con inscripci\u00f3n previa\u00a0<a href=\"https:\/\/forms.gle\/9wvUA6eRAhegzNkL9\" target=\"_blank\" rel=\"noopener\">AQU\u00cd<\/a><\/strong><\/p>\t\t\t\t\t\t\t\t<\/div>\n\t\t\t\t<\/div>\n\t\t\t\t<div class=\"elementor-element elementor-element-d4aa57d elementor-widget elementor-widget-button\" data-id=\"d4aa57d\" data-element_type=\"widget\" data-e-type=\"widget\" data-widget_type=\"button.default\">\n\t\t\t\t<div class=\"elementor-widget-container\">\n\t\t\t\t\t\t\t\t\t<div class=\"elementor-button-wrapper\">\n\t\t\t\t\t<a class=\"elementor-button elementor-button-link elementor-size-sm\" href=\"https:\/\/docs.google.com\/forms\/d\/e\/1FAIpQLSeWxnyVj9e5Nu-Athp3tpQ7Knu7hZb-9JyKtTUNx8C8ctbe4Q\/viewform\" target=\"_blank\" rel=\"noopener\">\n\t\t\t\t\t\t<span class=\"elementor-button-content-wrapper\">\n\t\t\t\t\t\t\t\t\t<span class=\"elementor-button-text\">\u00a1INSCRIBITE!<\/span>\n\t\t\t\t\t<\/span>\n\t\t\t\t\t<\/a>\n\t\t\t\t<\/div>\n\t\t\t\t\t\t\t\t<\/div>\n\t\t\t\t<\/div>\n\t\t\t\t\t<\/div>\n\t\t\t\t<\/div>\n\t\t<div class=\"elementor-element elementor-element-3a08285 e-flex e-con-boxed e-con e-parent\" data-id=\"3a08285\" data-element_type=\"container\" data-e-type=\"container\">\n\t\t\t\t\t<div class=\"e-con-inner\">\n\t\t\t\t<div class=\"elementor-element elementor-element-34d734e elementor-widget elementor-widget-image\" data-id=\"34d734e\" data-element_type=\"widget\" data-e-type=\"widget\" data-widget_type=\"image.default\">\n\t\t\t\t<div class=\"elementor-widget-container\">\n\t\t\t\t\t\t\t\t\t\t\t\t\t\t\t<img fetchpriority=\"high\" decoding=\"async\" width=\"1707\" height=\"2560\" src=\"https:\/\/museomoderno.org\/wp-content\/uploads\/2026\/04\/11-De-Loof-DONACION-foto-Viviana-Gil-IMG_9458-scaled.jpg\" class=\"attachment-full size-full wp-image-58500\" alt=\"\" srcset=\"https:\/\/museomoderno.org\/wp-content\/uploads\/2026\/04\/11-De-Loof-DONACION-foto-Viviana-Gil-IMG_9458-scaled.jpg 1707w, https:\/\/museomoderno.org\/wp-content\/uploads\/2026\/04\/11-De-Loof-DONACION-foto-Viviana-Gil-IMG_9458-200x300.jpg 200w, https:\/\/museomoderno.org\/wp-content\/uploads\/2026\/04\/11-De-Loof-DONACION-foto-Viviana-Gil-IMG_9458-683x1024.jpg 683w, https:\/\/museomoderno.org\/wp-content\/uploads\/2026\/04\/11-De-Loof-DONACION-foto-Viviana-Gil-IMG_9458-768x1152.jpg 768w, https:\/\/museomoderno.org\/wp-content\/uploads\/2026\/04\/11-De-Loof-DONACION-foto-Viviana-Gil-IMG_9458-1024x1536.jpg 1024w, https:\/\/museomoderno.org\/wp-content\/uploads\/2026\/04\/11-De-Loof-DONACION-foto-Viviana-Gil-IMG_9458-1365x2048.jpg 1365w\" sizes=\"(max-width: 1707px) 100vw, 1707px\" \/>\t\t\t\t\t\t\t\t\t\t\t\t\t\t\t<\/div>\n\t\t\t\t<\/div>\n\t\t\t\t\t<\/div>\n\t\t\t\t<\/div>\n\t\t\t\t<\/div>\n\t\t","protected":false},"excerpt":{"rendered":"<p>Clase abierta a cargo de la profesora Ver\u00f3nica Sordelli (FADU, UBA)<\/p>\n","protected":false},"featured_media":58498,"template":"","class_list":["post-58497","agenda","type-agenda","status-publish","has-post-thumbnail","hentry"],"_links":{"self":[{"href":"https:\/\/museomoderno.org\/en\/wp-json\/wp\/v2\/agenda\/58497","targetHints":{"allow":["GET"]}}],"collection":[{"href":"https:\/\/museomoderno.org\/en\/wp-json\/wp\/v2\/agenda"}],"about":[{"href":"https:\/\/museomoderno.org\/en\/wp-json\/wp\/v2\/types\/agenda"}],"version-history":[{"count":4,"href":"https:\/\/museomoderno.org\/en\/wp-json\/wp\/v2\/agenda\/58497\/revisions"}],"predecessor-version":[{"id":58506,"href":"https:\/\/museomoderno.org\/en\/wp-json\/wp\/v2\/agenda\/58497\/revisions\/58506"}],"wp:featuredmedia":[{"embeddable":true,"href":"https:\/\/museomoderno.org\/en\/wp-json\/wp\/v2\/media\/58498"}],"wp:attachment":[{"href":"https:\/\/museomoderno.org\/en\/wp-json\/wp\/v2\/media?parent=58497"}],"curies":[{"name":"wp","href":"https:\/\/api.w.org\/{rel}","templated":true}]}}