{"id":58201,"date":"2026-04-09T17:36:16","date_gmt":"2026-04-09T20:36:16","guid":{"rendered":"https:\/\/museomoderno.org\/?post_type=agenda&#038;p=58201"},"modified":"2026-04-23T14:01:55","modified_gmt":"2026-04-23T17:01:55","slug":"una-arqueologia-del-futuro","status":"publish","type":"agenda","link":"https:\/\/museomoderno.org\/en\/agenda\/una-arqueologia-del-futuro\/","title":{"rendered":"Una arqueolog\u00eda del futuro"},"content":{"rendered":"\t\t<div data-elementor-type=\"wp-post\" data-elementor-id=\"58201\" class=\"elementor elementor-58201\" data-elementor-post-type=\"agenda\">\n\t\t\t\t<div class=\"elementor-element elementor-element-e1e7f62 e-flex e-con-boxed e-con e-parent\" data-id=\"e1e7f62\" data-element_type=\"container\" data-e-type=\"container\">\n\t\t\t\t\t<div class=\"e-con-inner\">\n\t\t\t\t<div class=\"elementor-element elementor-element-5cfbc25 elementor-widget elementor-widget-heading\" data-id=\"5cfbc25\" data-element_type=\"widget\" data-e-type=\"widget\" data-widget_type=\"heading.default\">\n\t\t\t\t<div class=\"elementor-widget-container\">\n\t\t\t\t\t<h4 class=\"elementor-heading-title elementor-size-default\">Curso corto a cargo de Ezequiel Gatto<\/h4>\t\t\t\t<\/div>\n\t\t\t\t<\/div>\n\t\t\t\t\t<\/div>\n\t\t\t\t<\/div>\n\t\t<div class=\"elementor-element elementor-element-832e5ca e-flex e-con-boxed e-con e-parent\" data-id=\"832e5ca\" data-element_type=\"container\" data-e-type=\"container\">\n\t\t\t\t\t<div class=\"e-con-inner\">\n\t\t\t\t<div class=\"elementor-element elementor-element-5b0c227 elementor-widget elementor-widget-text-editor\" data-id=\"5b0c227\" data-element_type=\"widget\" data-e-type=\"widget\" data-widget_type=\"text-editor.default\">\n\t\t\t\t<div class=\"elementor-widget-container\">\n\t\t\t\t\t\t\t\t\t<p><span style=\"font-weight: 400;\">Este curso, a cargo de Ezequiel Gatto, doctor en Ciencias Sociales, plantea un acercamiento a la colecci\u00f3n del Museo Moderno a partir de la exposici\u00f3n <\/span><i><span style=\"font-weight: 400;\">Moderno y MetaModerno<\/span><\/i><span style=\"font-weight: 400;\">, con el objetivo de explorar la relaci\u00f3n entre arte y futuridad. M\u00e1s que buscar representaciones expl\u00edcitas del futuro, se enfoca en los gestos, materiales y estrategias que permiten pensar las posibilidades, los afectos y las formas de habitar la incertidumbre y el cambio.\u00a0<\/span><\/p><p><span style=\"font-weight: 400;\">A partir del an\u00e1lisis de artistas y movimientos que marcan el pasaje del arte moderno al contempor\u00e1neo, el curso pretende indagar c\u00f3mo algunas obras abordan el porvenir: qu\u00e9 problemas se\u00f1alan, qu\u00e9 sensibilidades activan, qu\u00e9 ideas del pasado implican y qu\u00e9 futuros \u2014deseados o no\u2014 invitan a imaginar.\u00a0<\/span><\/p><p><span style=\"font-weight: 400;\">A lo largo de dos encuentros, se ofrecer\u00e1 un panorama de las reflexiones sobre el futuro desde la posguerra hasta hoy, organizado en torno a ejes como las figuras y los l\u00edmites de lo humano y los principios de la justicia.<\/span><\/p><p><span style=\"font-weight: 400;\"><strong>Mi\u00e9rcoles 29 de abril y mi\u00e9rcoles 6 de mayo, de 17 a 18.30 h<\/strong><br \/><\/span><span style=\"font-weight: 400;\">Orientado al p\u00fablico general<br \/><\/span><span style=\"font-weight: 400;\">Sala Yapey\u00fa &#8211; Av. San Juan 350 (CABA)<\/span><\/p>\t\t\t\t\t\t\t\t<\/div>\n\t\t\t\t<\/div>\n\t\t\t\t<div class=\"elementor-element elementor-element-f706775 elementor-widget elementor-widget-button\" data-id=\"f706775\" data-element_type=\"widget\" data-e-type=\"widget\" data-widget_type=\"button.default\">\n\t\t\t\t<div class=\"elementor-widget-container\">\n\t\t\t\t\t\t\t\t\t<div class=\"elementor-button-wrapper\">\n\t\t\t\t\t<a class=\"elementor-button elementor-button-link elementor-size-sm\" href=\"https:\/\/entradasba.buenosaires.gob.ar\/evento\/cebd68d1-21b1-44e1-a451-ef7ef51ba656\" target=\"_blank\" rel=\"noopener\">\n\t\t\t\t\t\t<span class=\"elementor-button-content-wrapper\">\n\t\t\t\t\t\t\t\t\t<span class=\"elementor-button-text\">\u00a1INSCRIBITE!<\/span>\n\t\t\t\t\t<\/span>\n\t\t\t\t\t<\/a>\n\t\t\t\t<\/div>\n\t\t\t\t\t\t\t\t<\/div>\n\t\t\t\t<\/div>\n\t\t\t\t\t<\/div>\n\t\t\t\t<\/div>\n\t\t<div class=\"elementor-element elementor-element-d3c7da5 e-flex e-con-boxed e-con e-parent\" data-id=\"d3c7da5\" data-element_type=\"container\" data-e-type=\"container\">\n\t\t\t\t\t<div class=\"e-con-inner\">\n\t\t\t\t<div class=\"elementor-element elementor-element-0747c7f elementor-widget elementor-widget-image\" data-id=\"0747c7f\" data-element_type=\"widget\" data-e-type=\"widget\" data-widget_type=\"image.default\">\n\t\t\t\t<div class=\"elementor-widget-container\">\n\t\t\t\t\t\t\t\t\t\t\t\t\t\t\t<img fetchpriority=\"high\" decoding=\"async\" width=\"2560\" height=\"1704\" src=\"https:\/\/museomoderno.org\/wp-content\/uploads\/2026\/04\/GattoEzequiel-fotor-enhance-20260407143621-scaled.jpg\" class=\"attachment-full size-full wp-image-58202\" alt=\"\" srcset=\"https:\/\/museomoderno.org\/wp-content\/uploads\/2026\/04\/GattoEzequiel-fotor-enhance-20260407143621-scaled.jpg 2560w, https:\/\/museomoderno.org\/wp-content\/uploads\/2026\/04\/GattoEzequiel-fotor-enhance-20260407143621-300x200.jpg 300w, https:\/\/museomoderno.org\/wp-content\/uploads\/2026\/04\/GattoEzequiel-fotor-enhance-20260407143621-1024x682.jpg 1024w, https:\/\/museomoderno.org\/wp-content\/uploads\/2026\/04\/GattoEzequiel-fotor-enhance-20260407143621-768x511.jpg 768w, https:\/\/museomoderno.org\/wp-content\/uploads\/2026\/04\/GattoEzequiel-fotor-enhance-20260407143621-1536x1022.jpg 1536w, https:\/\/museomoderno.org\/wp-content\/uploads\/2026\/04\/GattoEzequiel-fotor-enhance-20260407143621-2048x1363.jpg 2048w\" sizes=\"(max-width: 2560px) 100vw, 2560px\" \/>\t\t\t\t\t\t\t\t\t\t\t\t\t\t\t<\/div>\n\t\t\t\t<\/div>\n\t\t\t\t\t<\/div>\n\t\t\t\t<\/div>\n\t\t\t\t<\/div>\n\t\t","protected":false},"excerpt":{"rendered":"<p>Curso corto a cargo de Ezequiel Gatto<\/p>\n","protected":false},"featured_media":58202,"template":"","class_list":["post-58201","agenda","type-agenda","status-publish","has-post-thumbnail","hentry"],"_links":{"self":[{"href":"https:\/\/museomoderno.org\/en\/wp-json\/wp\/v2\/agenda\/58201","targetHints":{"allow":["GET"]}}],"collection":[{"href":"https:\/\/museomoderno.org\/en\/wp-json\/wp\/v2\/agenda"}],"about":[{"href":"https:\/\/museomoderno.org\/en\/wp-json\/wp\/v2\/types\/agenda"}],"version-history":[{"count":7,"href":"https:\/\/museomoderno.org\/en\/wp-json\/wp\/v2\/agenda\/58201\/revisions"}],"predecessor-version":[{"id":58392,"href":"https:\/\/museomoderno.org\/en\/wp-json\/wp\/v2\/agenda\/58201\/revisions\/58392"}],"wp:featuredmedia":[{"embeddable":true,"href":"https:\/\/museomoderno.org\/en\/wp-json\/wp\/v2\/media\/58202"}],"wp:attachment":[{"href":"https:\/\/museomoderno.org\/en\/wp-json\/wp\/v2\/media?parent=58201"}],"curies":[{"name":"wp","href":"https:\/\/api.w.org\/{rel}","templated":true}]}}