{"id":57273,"date":"2026-02-24T14:49:30","date_gmt":"2026-02-24T17:49:30","guid":{"rendered":"https:\/\/museomoderno.org\/?post_type=agenda&#038;p=57273"},"modified":"2026-04-23T14:01:39","modified_gmt":"2026-04-23T17:01:39","slug":"tercera-dimension-4","status":"publish","type":"agenda","link":"https:\/\/museomoderno.org\/en\/agenda\/tercera-dimension-4\/","title":{"rendered":"Tercera Dimensi\u00f3n"},"content":{"rendered":"\t\t<div data-elementor-type=\"wp-post\" data-elementor-id=\"57273\" class=\"elementor elementor-57273\" data-elementor-post-type=\"agenda\">\n\t\t\t\t<div class=\"elementor-element elementor-element-043b7fc e-flex e-con-boxed e-con e-parent\" data-id=\"043b7fc\" data-element_type=\"container\" data-e-type=\"container\">\n\t\t\t\t\t<div class=\"e-con-inner\">\n\t\t\t\t<div class=\"elementor-element elementor-element-d03d73d elementor-widget elementor-widget-heading\" data-id=\"d03d73d\" data-element_type=\"widget\" data-e-type=\"widget\" data-widget_type=\"heading.default\">\n\t\t\t\t<div class=\"elementor-widget-container\">\n\t\t\t\t\t<h4 class=\"elementor-heading-title elementor-size-default\">Taller de exploraci\u00f3n art\u00edstica dirigido a personas mayores<\/h4>\t\t\t\t<\/div>\n\t\t\t\t<\/div>\n\t\t\t\t\t<\/div>\n\t\t\t\t<\/div>\n\t\t<div class=\"elementor-element elementor-element-2bcd688 e-flex e-con-boxed e-con e-parent\" data-id=\"2bcd688\" data-element_type=\"container\" data-e-type=\"container\">\n\t\t\t\t\t<div class=\"e-con-inner\">\n\t\t\t\t<div class=\"elementor-element elementor-element-4c8e03b elementor-widget elementor-widget-text-editor\" data-id=\"4c8e03b\" data-element_type=\"widget\" data-e-type=\"widget\" data-widget_type=\"text-editor.default\">\n\t\t\t\t<div class=\"elementor-widget-container\">\n\t\t\t\t\t\t\t\t\t<p><span style=\"font-weight: 400;\">Este espacio propone una din\u00e1mica de arte y educaci\u00f3n flexible, enfocado en la exploraci\u00f3n art\u00edstica, la relevancia del proceso y el tiempo de la construcci\u00f3n colectiva.<\/span><\/p><p><span style=\"font-weight: 400;\">Vamos a trabajar con distintas pr\u00e1cticas art\u00edsticas y a observar no solo las exhibiciones del museo, sino tambi\u00e9n muestras en diferentes espacios culturales dentro de la Ciudad. No se requieren conocimientos previos.<\/span><\/p><p><span style=\"font-weight: 400;\"><strong>Todos los Mi\u00e9rcoles\u00a0 de 16 a 18 h<\/strong><br \/><\/span><span style=\"font-weight: 400;\">Orientado a personas mayores<br \/><\/span><span style=\"font-weight: 400;\">Sala Supervielle &#8211; Av. San Juan 350 (CABA)<br \/><\/span><strong>Actividad gratuita con inscripci\u00f3n previa <a href=\"https:\/\/docs.google.com\/forms\/d\/e\/1FAIpQLScTzBt1zHYj_xYGRgKYYFv_R3T1P8-DdyO827SEz9pLxGQDXA\/viewform?usp=publish-editor\" target=\"_blank\" rel=\"noopener\">AQU\u00cd<\/a><\/strong><\/p>\t\t\t\t\t\t\t\t<\/div>\n\t\t\t\t<\/div>\n\t\t\t\t<div class=\"elementor-element elementor-element-93f147c elementor-widget elementor-widget-button\" data-id=\"93f147c\" data-element_type=\"widget\" data-e-type=\"widget\" data-widget_type=\"button.default\">\n\t\t\t\t<div class=\"elementor-widget-container\">\n\t\t\t\t\t\t\t\t\t<div class=\"elementor-button-wrapper\">\n\t\t\t\t\t<a class=\"elementor-button elementor-button-link elementor-size-sm\" href=\"https:\/\/docs.google.com\/forms\/d\/e\/1FAIpQLScTzBt1zHYj_xYGRgKYYFv_R3T1P8-DdyO827SEz9pLxGQDXA\/viewform\" target=\"_blank\" rel=\"noopener\">\n\t\t\t\t\t\t<span class=\"elementor-button-content-wrapper\">\n\t\t\t\t\t\t\t\t\t<span class=\"elementor-button-text\">\u00a1INSCRIBITE!<\/span>\n\t\t\t\t\t<\/span>\n\t\t\t\t\t<\/a>\n\t\t\t\t<\/div>\n\t\t\t\t\t\t\t\t<\/div>\n\t\t\t\t<\/div>\n\t\t\t\t\t<\/div>\n\t\t\t\t<\/div>\n\t\t<div class=\"elementor-element elementor-element-d0a254b e-flex e-con-boxed e-con e-parent\" data-id=\"d0a254b\" data-element_type=\"container\" data-e-type=\"container\">\n\t\t\t\t\t<div class=\"e-con-inner\">\n\t\t\t\t<div class=\"elementor-element elementor-element-03e43a0 elementor-widget elementor-widget-image\" data-id=\"03e43a0\" data-element_type=\"widget\" data-e-type=\"widget\" data-widget_type=\"image.default\">\n\t\t\t\t<div class=\"elementor-widget-container\">\n\t\t\t\t\t\t\t\t\t\t\t\t\t\t\t<img fetchpriority=\"high\" decoding=\"async\" width=\"2560\" height=\"1707\" src=\"https:\/\/museomoderno.org\/wp-content\/uploads\/2026\/02\/241016-Tercera-dimension-fotos-de-salas-con-gente-fotos-Guido-Limardo-62-scaled.jpg\" class=\"attachment-full size-full wp-image-57274\" alt=\"\" srcset=\"https:\/\/museomoderno.org\/wp-content\/uploads\/2026\/02\/241016-Tercera-dimension-fotos-de-salas-con-gente-fotos-Guido-Limardo-62-scaled.jpg 2560w, https:\/\/museomoderno.org\/wp-content\/uploads\/2026\/02\/241016-Tercera-dimension-fotos-de-salas-con-gente-fotos-Guido-Limardo-62-300x200.jpg 300w, https:\/\/museomoderno.org\/wp-content\/uploads\/2026\/02\/241016-Tercera-dimension-fotos-de-salas-con-gente-fotos-Guido-Limardo-62-1024x683.jpg 1024w, https:\/\/museomoderno.org\/wp-content\/uploads\/2026\/02\/241016-Tercera-dimension-fotos-de-salas-con-gente-fotos-Guido-Limardo-62-768x512.jpg 768w, https:\/\/museomoderno.org\/wp-content\/uploads\/2026\/02\/241016-Tercera-dimension-fotos-de-salas-con-gente-fotos-Guido-Limardo-62-1536x1024.jpg 1536w, https:\/\/museomoderno.org\/wp-content\/uploads\/2026\/02\/241016-Tercera-dimension-fotos-de-salas-con-gente-fotos-Guido-Limardo-62-2048x1365.jpg 2048w\" sizes=\"(max-width: 2560px) 100vw, 2560px\" \/>\t\t\t\t\t\t\t\t\t\t\t\t\t\t\t<\/div>\n\t\t\t\t<\/div>\n\t\t\t\t\t<\/div>\n\t\t\t\t<\/div>\n\t\t\t\t<\/div>\n\t\t","protected":false},"excerpt":{"rendered":"<p>Taller de exploraci\u00f3n art\u00edstica dirigido a personas mayores<\/p>\n","protected":false},"featured_media":57274,"template":"","class_list":["post-57273","agenda","type-agenda","status-publish","has-post-thumbnail","hentry"],"_links":{"self":[{"href":"https:\/\/museomoderno.org\/en\/wp-json\/wp\/v2\/agenda\/57273","targetHints":{"allow":["GET"]}}],"collection":[{"href":"https:\/\/museomoderno.org\/en\/wp-json\/wp\/v2\/agenda"}],"about":[{"href":"https:\/\/museomoderno.org\/en\/wp-json\/wp\/v2\/types\/agenda"}],"version-history":[{"count":7,"href":"https:\/\/museomoderno.org\/en\/wp-json\/wp\/v2\/agenda\/57273\/revisions"}],"predecessor-version":[{"id":57917,"href":"https:\/\/museomoderno.org\/en\/wp-json\/wp\/v2\/agenda\/57273\/revisions\/57917"}],"wp:featuredmedia":[{"embeddable":true,"href":"https:\/\/museomoderno.org\/en\/wp-json\/wp\/v2\/media\/57274"}],"wp:attachment":[{"href":"https:\/\/museomoderno.org\/en\/wp-json\/wp\/v2\/media?parent=57273"}],"curies":[{"name":"wp","href":"https:\/\/api.w.org\/{rel}","templated":true}]}}