{"id":52580,"date":"2025-06-26T14:59:19","date_gmt":"2025-06-26T17:59:19","guid":{"rendered":"https:\/\/museomoderno.org\/?post_type=agenda&#038;p=52580"},"modified":"2026-09-04T18:20:56","modified_gmt":"2026-09-04T21:20:56","slug":"disenar-futuros-deseables","status":"publish","type":"agenda","link":"https:\/\/museomoderno.org\/en\/agenda\/disenar-futuros-deseables\/","title":{"rendered":"Dise\u00f1ar futuros deseables"},"content":{"rendered":"\t\t<div data-elementor-type=\"wp-post\" data-elementor-id=\"52580\" class=\"elementor elementor-52580\" data-elementor-post-type=\"agenda\">\n\t\t\t\t<div class=\"elementor-element elementor-element-a9b4a38 e-flex e-con-boxed e-con e-parent\" data-id=\"a9b4a38\" data-element_type=\"container\" data-e-type=\"container\">\n\t\t\t\t\t<div class=\"e-con-inner\">\n\t\t\t\t<div class=\"elementor-element elementor-element-eab9c5d elementor-widget elementor-widget-heading\" data-id=\"eab9c5d\" data-element_type=\"widget\" data-e-type=\"widget\" data-widget_type=\"heading.default\">\n\t\t\t\t<div class=\"elementor-widget-container\">\n\t\t\t\t\t<h4 class=\"elementor-heading-title elementor-size-default\">Pedagog\u00edas en acci\u00f3n para docentes y comunidades<\/h4>\t\t\t\t<\/div>\n\t\t\t\t<\/div>\n\t\t\t\t\t<\/div>\n\t\t\t\t<\/div>\n\t\t<div class=\"elementor-element elementor-element-4d36a33 e-flex e-con-boxed e-con e-parent\" data-id=\"4d36a33\" data-element_type=\"container\" data-e-type=\"container\">\n\t\t\t\t\t<div class=\"e-con-inner\">\n\t\t\t\t<div class=\"elementor-element elementor-element-6e7c1e5 elementor-widget elementor-widget-text-editor\" data-id=\"6e7c1e5\" data-element_type=\"widget\" data-e-type=\"widget\" data-widget_type=\"text-editor.default\">\n\t\t\t\t<div class=\"elementor-widget-container\">\n\t\t\t\t\t\t\t\t\t<p dir=\"ltr\">Orientado a docentes de todo el pa\u00eds, este curso busca impulsar una pr\u00e1ctica pedag\u00f3gica interdisciplinaria e innovadora, que permita a maestros de diversas \u00e1reas integrar la investigaci\u00f3n art\u00edstica en sus materias curriculares, como una metadisciplina que conecta sentidos y saberes, formas de hacer y maneras de conocer. A trav\u00e9s del estudio de metodolog\u00edas, estrategias y materiales asociados con el arte moderno y contempor\u00e1neo, esta propuesta brindar\u00e1 herramientas para dise\u00f1ar planificaciones de manera creativa, d\u00e1ndoles importancia a los v\u00ednculos entre el dise\u00f1o curricular y el conocimiento, la sensibilidad est\u00e9tica y la experiencia cotidiana de los estudiantes. Conoceremos tambi\u00e9n las ideas de diversos investigadores y artistas contempor\u00e1neos de reconocido prestigio, para estimular los procesos creativos en las aulas y desarrollar proyectos espec\u00edficos. El objetivo es ampliar el universo de referencias asociadas al concepto de arte y a las pr\u00e1cticas art\u00edsticas, para fomentar el di\u00e1logo entre arte y educaci\u00f3n en instituciones y proyectos pedag\u00f3gicos.<\/p>\n<p dir=\"ltr\">Como parte del programa creado para conmemorar el 70 Aniversario del Museo Moderno, este curso explorar\u00e1 problem\u00e1ticas del presente como la sustentabilidad y la inteligencia artificial.<\/p>\n<p dir=\"ltr\">Ser\u00e1n <strong>6 m\u00f3dulos<\/strong> independientes que permitir\u00e1n al p\u00fablico participar en trayectorias formativas m\u00e1s flexibles y personalizadas.<\/p>\n<p dir=\"ltr\">Orientado a docentes de nivel primario (segundo ciclo), de nivel secundario, rurales y multiciclo; a estudiantes avanzados de carreras afines, y a toda persona interesada en la tem\u00e1tica. No se requiere experiencia previa.<br \/>Plataforma: Google Classroom<br \/><strong>Actividad gratuita con inscripci\u00f3n previa\u00a0<\/strong><\/p>\t\t\t\t\t\t\t\t<\/div>\n\t\t\t\t<\/div>\n\t\t\t\t\t<\/div>\n\t\t\t\t<\/div>\n\t\t<div class=\"elementor-element elementor-element-4ed949b e-flex e-con-boxed e-con e-parent\" data-id=\"4ed949b\" data-element_type=\"container\" data-e-type=\"container\">\n\t\t\t\t\t<div class=\"e-con-inner\">\n\t\t\t\t<div class=\"elementor-element elementor-element-d6bd1ea elementor-widget elementor-widget-image\" data-id=\"d6bd1ea\" data-element_type=\"widget\" data-e-type=\"widget\" data-widget_type=\"image.default\">\n\t\t\t\t<div class=\"elementor-widget-container\">\n\t\t\t\t\t\t\t\t\t\t\t\t\t\t\t<img fetchpriority=\"high\" decoding=\"async\" width=\"1078\" height=\"911\" src=\"https:\/\/museomoderno.org\/wp-content\/uploads\/2025\/06\/Disenar-Futros-deseables-1.jpg\" class=\"attachment-full size-full wp-image-61636\" alt=\"\" srcset=\"https:\/\/museomoderno.org\/wp-content\/uploads\/2025\/06\/Disenar-Futros-deseables-1.jpg 1078w, https:\/\/museomoderno.org\/wp-content\/uploads\/2025\/06\/Disenar-Futros-deseables-1-300x254.jpg 300w, https:\/\/museomoderno.org\/wp-content\/uploads\/2025\/06\/Disenar-Futros-deseables-1-1024x865.jpg 1024w, https:\/\/museomoderno.org\/wp-content\/uploads\/2025\/06\/Disenar-Futros-deseables-1-768x649.jpg 768w\" sizes=\"(max-width: 1078px) 100vw, 1078px\" \/>\t\t\t\t\t\t\t\t\t\t\t\t\t\t\t<\/div>\n\t\t\t\t<\/div>\n\t\t\t\t\t<\/div>\n\t\t\t\t<\/div>\n\t\t<div class=\"elementor-element elementor-element-f6baf90 e-flex e-con-boxed e-con e-parent\" data-id=\"f6baf90\" data-element_type=\"container\" data-e-type=\"container\">\n\t\t\t\t\t<div class=\"e-con-inner\">\n\t\t\t\t<div class=\"elementor-element elementor-element-e8f0e8e elementor-widget elementor-widget-text-editor\" data-id=\"e8f0e8e\" data-element_type=\"widget\" data-e-type=\"widget\" data-widget_type=\"text-editor.default\">\n\t\t\t\t<div class=\"elementor-widget-container\">\n\t\t\t\t\t\t\t\t\t<p><strong>M\u00d3DULO 1\u00a0 Arte, educaci\u00f3n y comunidad &#8211; 15 de septiembre\u00a0<\/strong><\/p>\t\t\t\t\t\t\t\t<\/div>\n\t\t\t\t<\/div>\n\t\t\t\t<div class=\"elementor-element elementor-element-74c8513 elementor-widget elementor-widget-button\" data-id=\"74c8513\" data-element_type=\"widget\" data-e-type=\"widget\" data-widget_type=\"button.default\">\n\t\t\t\t<div class=\"elementor-widget-container\">\n\t\t\t\t\t\t\t\t\t<div class=\"elementor-button-wrapper\">\n\t\t\t\t\t<a class=\"elementor-button elementor-button-link elementor-size-sm\" href=\"https:\/\/docs.google.com\/forms\/d\/e\/1FAIpQLSdVeEQZeJXkGcdQ33q748yj2h1kHiiSIuc06XjjZh6Mg0jd-Q\/viewform\" target=\"_blank\" rel=\"nofollow noopener\">\n\t\t\t\t\t\t<span class=\"elementor-button-content-wrapper\">\n\t\t\t\t\t\t\t\t\t<span class=\"elementor-button-text\">\u00a1INSCRIBITE!<\/span>\n\t\t\t\t\t<\/span>\n\t\t\t\t\t<\/a>\n\t\t\t\t<\/div>\n\t\t\t\t\t\t\t\t<\/div>\n\t\t\t\t<\/div>\n\t\t\t\t\t<\/div>\n\t\t\t\t<\/div>\n\t\t<div class=\"elementor-element elementor-element-151e6e3 e-flex e-con-boxed e-con e-parent\" data-id=\"151e6e3\" data-element_type=\"container\" data-e-type=\"container\">\n\t\t\t\t\t<div class=\"e-con-inner\">\n\t\t\t\t<div class=\"elementor-element elementor-element-53390eb elementor-widget elementor-widget-spacer\" data-id=\"53390eb\" data-element_type=\"widget\" data-e-type=\"widget\" data-widget_type=\"spacer.default\">\n\t\t\t\t<div class=\"elementor-widget-container\">\n\t\t\t\t\t\t\t<div class=\"elementor-spacer\">\n\t\t\t<div class=\"elementor-spacer-inner\"><\/div>\n\t\t<\/div>\n\t\t\t\t\t\t<\/div>\n\t\t\t\t<\/div>\n\t\t\t\t<div class=\"elementor-element elementor-element-99731ad elementor-widget elementor-widget-text-editor\" data-id=\"99731ad\" data-element_type=\"widget\" data-e-type=\"widget\" data-widget_type=\"text-editor.default\">\n\t\t\t\t<div class=\"elementor-widget-container\">\n\t\t\t\t\t\t\t\t\t<p dir=\"ltr\"><strong>M\u00d3DULO 2 Territorio e imaginarios de futuro \u00a0&#8211;\u00a0 15 de septiembre<\/strong><\/p>\t\t\t\t\t\t\t\t<\/div>\n\t\t\t\t<\/div>\n\t\t\t\t<div class=\"elementor-element elementor-element-46ba2e3 elementor-widget elementor-widget-button\" data-id=\"46ba2e3\" data-element_type=\"widget\" data-e-type=\"widget\" data-widget_type=\"button.default\">\n\t\t\t\t<div class=\"elementor-widget-container\">\n\t\t\t\t\t\t\t\t\t<div class=\"elementor-button-wrapper\">\n\t\t\t\t\t<a class=\"elementor-button elementor-button-link elementor-size-sm\" href=\"https:\/\/docs.google.com\/forms\/d\/e\/1FAIpQLSdl7zoPJp5w-XQvDanov0ljLwHbO-b4CAhGgtf-raYMKvtTUw\/viewform\" target=\"_blank\" rel=\"nofollow noopener\">\n\t\t\t\t\t\t<span class=\"elementor-button-content-wrapper\">\n\t\t\t\t\t\t\t\t\t<span class=\"elementor-button-text\">\u00a1INSCRIBITE!<\/span>\n\t\t\t\t\t<\/span>\n\t\t\t\t\t<\/a>\n\t\t\t\t<\/div>\n\t\t\t\t\t\t\t\t<\/div>\n\t\t\t\t<\/div>\n\t\t\t\t<div class=\"elementor-element elementor-element-6adf077 elementor-widget elementor-widget-spacer\" data-id=\"6adf077\" data-element_type=\"widget\" data-e-type=\"widget\" data-widget_type=\"spacer.default\">\n\t\t\t\t<div class=\"elementor-widget-container\">\n\t\t\t\t\t\t\t<div class=\"elementor-spacer\">\n\t\t\t<div class=\"elementor-spacer-inner\"><\/div>\n\t\t<\/div>\n\t\t\t\t\t\t<\/div>\n\t\t\t\t<\/div>\n\t\t\t\t\t<\/div>\n\t\t\t\t<\/div>\n\t\t<div class=\"elementor-element elementor-element-77e27d0 e-flex e-con-boxed e-con e-parent\" data-id=\"77e27d0\" data-element_type=\"container\" data-e-type=\"container\">\n\t\t\t\t\t<div class=\"e-con-inner\">\n\t\t\t\t<div class=\"elementor-element elementor-element-d9ea45a elementor-widget elementor-widget-text-editor\" data-id=\"d9ea45a\" data-element_type=\"widget\" data-e-type=\"widget\" data-widget_type=\"text-editor.default\">\n\t\t\t\t<div class=\"elementor-widget-container\">\n\t\t\t\t\t\t\t\t\t<p dir=\"ltr\"><strong>M\u00d3DULO 3 Nombrar es crear: arte, historia y literatura &#8211; 13 de octubre<\/strong><\/p>\t\t\t\t\t\t\t\t<\/div>\n\t\t\t\t<\/div>\n\t\t\t\t<div class=\"elementor-element elementor-element-23ec747 elementor-widget elementor-widget-button\" data-id=\"23ec747\" data-element_type=\"widget\" data-e-type=\"widget\" data-widget_type=\"button.default\">\n\t\t\t\t<div class=\"elementor-widget-container\">\n\t\t\t\t\t\t\t\t\t<div class=\"elementor-button-wrapper\">\n\t\t\t\t\t<a class=\"elementor-button elementor-button-link elementor-size-sm\" href=\"https:\/\/docs.google.com\/forms\/d\/e\/1FAIpQLSeIMRK275rCElGDlfVFG9Rv_lmxnvyaW-pFwOYyFz2ODu8Nyg\/viewform\" target=\"_blank\" rel=\"nofollow noopener\">\n\t\t\t\t\t\t<span class=\"elementor-button-content-wrapper\">\n\t\t\t\t\t\t\t\t\t<span class=\"elementor-button-text\">\u00a1INSCRIBITE!<\/span>\n\t\t\t\t\t<\/span>\n\t\t\t\t\t<\/a>\n\t\t\t\t<\/div>\n\t\t\t\t\t\t\t\t<\/div>\n\t\t\t\t<\/div>\n\t\t\t\t\t<\/div>\n\t\t\t\t<\/div>\n\t\t<div class=\"elementor-element elementor-element-2f8c136 e-flex e-con-boxed e-con e-parent\" data-id=\"2f8c136\" data-element_type=\"container\" data-e-type=\"container\">\n\t\t\t\t\t<div class=\"e-con-inner\">\n\t\t\t\t<div class=\"elementor-element elementor-element-1ac6085 elementor-widget elementor-widget-text-editor\" data-id=\"1ac6085\" data-element_type=\"widget\" data-e-type=\"widget\" data-widget_type=\"text-editor.default\">\n\t\t\t\t<div class=\"elementor-widget-container\">\n\t\t\t\t\t\t\t\t\t<p dir=\"ltr\"><strong>M\u00d3DULO 4 La unidad de medida del mundo &#8211; 13 de octubre<\/strong><\/p>\t\t\t\t\t\t\t\t<\/div>\n\t\t\t\t<\/div>\n\t\t\t\t<div class=\"elementor-element elementor-element-c0fb00d elementor-widget elementor-widget-button\" data-id=\"c0fb00d\" data-element_type=\"widget\" data-e-type=\"widget\" data-widget_type=\"button.default\">\n\t\t\t\t<div class=\"elementor-widget-container\">\n\t\t\t\t\t\t\t\t\t<div class=\"elementor-button-wrapper\">\n\t\t\t\t\t<a class=\"elementor-button elementor-button-link elementor-size-sm\" href=\"https:\/\/docs.google.com\/forms\/d\/e\/1FAIpQLSebI92eWnkW-RHVzMHx0yRn8qcr6LNasIyllWSMYwEz75QdkA\/viewform\" target=\"_blank\" rel=\"nofollow noopener\">\n\t\t\t\t\t\t<span class=\"elementor-button-content-wrapper\">\n\t\t\t\t\t\t\t\t\t<span class=\"elementor-button-text\">\u00a1INSCRIBITE!<\/span>\n\t\t\t\t\t<\/span>\n\t\t\t\t\t<\/a>\n\t\t\t\t<\/div>\n\t\t\t\t\t\t\t\t<\/div>\n\t\t\t\t<\/div>\n\t\t\t\t\t<\/div>\n\t\t\t\t<\/div>\n\t\t<div class=\"elementor-element elementor-element-526a275 e-flex e-con-boxed e-con e-parent\" data-id=\"526a275\" data-element_type=\"container\" data-e-type=\"container\">\n\t\t\t\t\t<div class=\"e-con-inner\">\n\t\t\t\t<div class=\"elementor-element elementor-element-638aaa0 elementor-widget elementor-widget-text-editor\" data-id=\"638aaa0\" data-element_type=\"widget\" data-e-type=\"widget\" data-widget_type=\"text-editor.default\">\n\t\t\t\t<div class=\"elementor-widget-container\">\n\t\t\t\t\t\t\t\t\t<p dir=\"ltr\"><strong>M\u00d3DULO 5 Del proyecto a la materia &#8211; 10 de noviembre<\/strong><\/p>\t\t\t\t\t\t\t\t<\/div>\n\t\t\t\t<\/div>\n\t\t\t\t<div class=\"elementor-element elementor-element-3ab4339 elementor-widget elementor-widget-button\" data-id=\"3ab4339\" data-element_type=\"widget\" data-e-type=\"widget\" data-widget_type=\"button.default\">\n\t\t\t\t<div class=\"elementor-widget-container\">\n\t\t\t\t\t\t\t\t\t<div class=\"elementor-button-wrapper\">\n\t\t\t\t\t<a class=\"elementor-button elementor-button-link elementor-size-sm\" href=\"https:\/\/docs.google.com\/forms\/d\/e\/1FAIpQLScmq5Z_TEje9BCp1zYnA4Tw92VTEIb4bR8iJ_7YbgWy4V8JJw\/viewform\" target=\"_blank\" rel=\"nofollow noopener\">\n\t\t\t\t\t\t<span class=\"elementor-button-content-wrapper\">\n\t\t\t\t\t\t\t\t\t<span class=\"elementor-button-text\">\u00a1INSCRIBITE!<\/span>\n\t\t\t\t\t<\/span>\n\t\t\t\t\t<\/a>\n\t\t\t\t<\/div>\n\t\t\t\t\t\t\t\t<\/div>\n\t\t\t\t<\/div>\n\t\t\t\t\t<\/div>\n\t\t\t\t<\/div>\n\t\t<div class=\"elementor-element elementor-element-65ef687 e-flex e-con-boxed e-con e-parent\" data-id=\"65ef687\" data-element_type=\"container\" data-e-type=\"container\">\n\t\t\t\t\t<div class=\"e-con-inner\">\n\t\t\t\t<div class=\"elementor-element elementor-element-20faeca elementor-widget elementor-widget-text-editor\" data-id=\"20faeca\" data-element_type=\"widget\" data-e-type=\"widget\" data-widget_type=\"text-editor.default\">\n\t\t\t\t<div class=\"elementor-widget-container\">\n\t\t\t\t\t\t\t\t\t<p dir=\"ltr\"><strong>M\u00d3DULO 6 Los desaf\u00edos de la IA en el aula-\u00a0 10 de noviembre<\/strong><\/p>\t\t\t\t\t\t\t\t<\/div>\n\t\t\t\t<\/div>\n\t\t\t\t<div class=\"elementor-element elementor-element-844e68b elementor-widget elementor-widget-button\" data-id=\"844e68b\" data-element_type=\"widget\" data-e-type=\"widget\" data-widget_type=\"button.default\">\n\t\t\t\t<div class=\"elementor-widget-container\">\n\t\t\t\t\t\t\t\t\t<div class=\"elementor-button-wrapper\">\n\t\t\t\t\t<a class=\"elementor-button elementor-button-link elementor-size-sm\" href=\"https:\/\/docs.google.com\/forms\/d\/e\/1FAIpQLSfMSk131BnqquIurQT1gc1P5e_16c0mYqL-jxI9ps3xLsDBjg\/viewform\" target=\"_blank\" rel=\"nofollow noopener\">\n\t\t\t\t\t\t<span class=\"elementor-button-content-wrapper\">\n\t\t\t\t\t\t\t\t\t<span class=\"elementor-button-text\">\u00a1INSCRIBITE!<\/span>\n\t\t\t\t\t<\/span>\n\t\t\t\t\t<\/a>\n\t\t\t\t<\/div>\n\t\t\t\t\t\t\t\t<\/div>\n\t\t\t\t<\/div>\n\t\t\t\t\t<\/div>\n\t\t\t\t<\/div>\n\t\t\t\t<\/div>\n\t\t","protected":false},"excerpt":{"rendered":"<p>Pedagog\u00edas en acci\u00f3n para docentes y comunidades<\/p>\n","protected":false},"featured_media":61632,"template":"","class_list":["post-52580","agenda","type-agenda","status-publish","has-post-thumbnail","hentry"],"_links":{"self":[{"href":"https:\/\/museomoderno.org\/en\/wp-json\/wp\/v2\/agenda\/52580","targetHints":{"allow":["GET"]}}],"collection":[{"href":"https:\/\/museomoderno.org\/en\/wp-json\/wp\/v2\/agenda"}],"about":[{"href":"https:\/\/museomoderno.org\/en\/wp-json\/wp\/v2\/types\/agenda"}],"version-history":[{"count":26,"href":"https:\/\/museomoderno.org\/en\/wp-json\/wp\/v2\/agenda\/52580\/revisions"}],"predecessor-version":[{"id":61641,"href":"https:\/\/museomoderno.org\/en\/wp-json\/wp\/v2\/agenda\/52580\/revisions\/61641"}],"wp:featuredmedia":[{"embeddable":true,"href":"https:\/\/museomoderno.org\/en\/wp-json\/wp\/v2\/media\/61632"}],"wp:attachment":[{"href":"https:\/\/museomoderno.org\/en\/wp-json\/wp\/v2\/media?parent=52580"}],"curies":[{"name":"wp","href":"https:\/\/api.w.org\/{rel}","templated":true}]}}